{"id":582,"date":"2021-05-06T15:21:16","date_gmt":"2021-05-06T18:21:16","guid":{"rendered":"https:\/\/aadas.org\/?page_id=582"},"modified":"2025-12-12T17:02:17","modified_gmt":"2025-12-12T20:02:17","slug":"transparencia","status":"publish","type":"page","link":"https:\/\/aadas.org\/?page_id=582","title":{"rendered":"Transpar\u00eancia"},"content":{"rendered":"<p>[et_pb_section fb_built=&#8221;1&#8243; admin_label=&#8221;section&#8221; _builder_version=&#8221;4.16&#8243; global_colors_info=&#8221;{}&#8221;][et_pb_row admin_label=&#8221;row&#8221; _builder_version=&#8221;4.16&#8243; background_size=&#8221;initial&#8221; background_position=&#8221;top_left&#8221; background_repeat=&#8221;repeat&#8221; global_colors_info=&#8221;{}&#8221;][et_pb_column type=&#8221;4_4&#8243; _builder_version=&#8221;4.16&#8243; custom_padding=&#8221;|||&#8221; global_colors_info=&#8221;{}&#8221; custom_padding__hover=&#8221;|||&#8221;][et_pb_text admin_label=&#8221;Text&#8221; _builder_version=&#8221;4.27.5&#8243; background_size=&#8221;initial&#8221; background_position=&#8221;top_left&#8221; background_repeat=&#8221;repeat&#8221; hover_enabled=&#8221;0&#8243; global_colors_info=&#8221;{}&#8221; sticky_enabled=&#8221;0&#8243;]<\/p>\n<div>\n<div class=\"wsite-image wsite-image-border-none \">\n<h2><strong>Emenda Parlamentar<\/strong><\/h2>\n<div class=\"paragraph\"><span style=\"font-size: large;\">Clique nos t\u00edtulos abaixo para visualizar os\u00a0<strong>arquivos no formato\u00a0<span style=\"color: #da4444;\">PDF<\/span><\/strong>:<\/span><\/div>\n<div>\n<div class=\"wsite-multicol\">\n<div class=\"wsite-multicol-table-wrap\">\n<table class=\"wsite-multicol-table\" style=\"width: 1002px;\">\n<tbody class=\"wsite-multicol-tbody\">\n<tr class=\"wsite-multicol-tr\">\n<td class=\"wsite-multicol-col\" style=\"width: 992px;\">\n<div class=\"paragraph\">\n<ul>\n<li><a href=\"https:\/\/aadas.org\/wp-content\/uploads\/2025\/05\/Termo-de-Fomento_2021.pdf\" rel=\"attachment wp-att-853\">Termo de Fomento_2021<\/a><\/li>\n<li><a href=\"https:\/\/aadas.org\/wp-content\/uploads\/2024\/07\/Termo-de-Fomento.pdf\" target=\"_blank\" rel=\"noopener\">Termo de Fomento 2024<\/a><\/li>\n<li><a href=\"https:\/\/aadas.org\/wp-content\/uploads\/2025\/12\/TERMO-DE-FOMENTO_2025.pdf\" target=\"_blank\" rel=\"noopener\">Termo de Fomento 2025<\/a><\/li>\n<\/ul>\n<\/div>\n<\/td>\n<\/tr>\n<\/tbody>\n<\/table>\n<\/div>\n<\/div>\n<\/div>\n<\/div>\n<\/div>\n<h2 class=\"wsite-content-title\"><strong>Programa Social &#8211; PM de S\u00e3o Jos\u00e9 dos Campos<\/strong><\/h2>\n<div class=\"paragraph\"><span style=\"font-size: large;\">Clique nos t\u00edtulos abaixo para visualizar os\u00a0<strong>arquivos no formato\u00a0<span style=\"color: #da4444;\">PDF<\/span><\/strong>:<\/span><\/div>\n<div>\n<div class=\"wsite-multicol\">\n<div class=\"wsite-multicol-table-wrap\">\n<table class=\"wsite-multicol-table\">\n<tbody class=\"wsite-multicol-tbody\">\n<tr class=\"wsite-multicol-tr\">\n<td class=\"wsite-multicol-col\">\n<div class=\"paragraph\">\n<ul>\n<li><a href=\"https:\/\/www.loom.com\/share\/103041e6a4bb4929b7000b0e3047652a\" target=\"_blank\" rel=\"noopener\">Estatuto<\/a><\/li>\n<li><a href=\"https:\/\/aadas.org\/wp-content\/uploads\/2022\/11\/3o-TA8066.pdf\" target=\"_blank\" rel=\"noopener\">\u200bTermo de Ajuste e Plano de Trabalho<\/a><\/li>\n<li>\u200b<a href=\"https:\/\/www.loom.com\/share\/103041e6a4bb4929b7000b0e3047652a\" target=\"_blank\" rel=\"noopener\">Rela\u00e7\u00e3o Nominal dos Dirigentes<\/a><\/li>\n<li><a href=\"https:\/\/www.aadas.org\/uploads\/1\/2\/7\/2\/127255626\/aadas_valores-repassados.pdf\" target=\"_blank\" rel=\"noopener\">Valores Repassados<\/a><\/li>\n<li><a href=\"https:\/\/www.aadas.org\/uploads\/6\/1\/3\/0\/61301709\/25_aadas_lista_de_prestadores_de_servico.pdf\" target=\"_blank\" rel=\"noopener\">Lista de Prestadores de Servi\u00e7o<\/a><\/li>\n<li><a href=\"https:\/\/www.aadas.org\/uploads\/1\/2\/7\/2\/127255626\/aadas_remuneracao-individualizada-dos-colaboradores.pdf\" target=\"_blank\" rel=\"noopener\">Remunera\u00e7\u00e3o Individualizada dos Colaboradores\u200b<\/a><\/li>\n<\/ul>\n<\/div>\n<\/td>\n<td class=\"wsite-multicol-col\">\n<div class=\"paragraph\">\n<ul>\n<li><a href=\"https:\/\/www.loom.com\/share\/103041e6a4bb4929b7000b0e3047652a\" target=\"_blank\" rel=\"noopener\">Balan\u00e7o Patrimonial 2022<\/a><\/li>\n<li><a href=\"https:\/\/aadas.org\/wp-content\/uploads\/2022\/11\/AADAS_DRE_Atual.pdf\" target=\"_blank\" rel=\"noopener\">DRE 2022<\/a>\u200b\u200b<\/li>\n<li>\u200b<a href=\"https:\/\/www.aadas.org\/uploads\/6\/1\/3\/0\/61301709\/5_aada_regulamento.pdf\" target=\"_blank\" rel=\"noopener\">Regulamento de Compras e Contrata\u00e7\u00e3o de Pessoal<\/a><\/li>\n<li><a href=\"https:\/\/www.aadas.org\/uploads\/1\/2\/7\/2\/127255626\/aadas_relatorio-anual-de-execucao-de-atividades-2017.pdf\" target=\"_blank\" rel=\"noopener\">\u200bRelat\u00f3rio Anual de Execu\u00e7\u00e3o de Atividades\u00a02017\u200b<\/a><\/li>\n<li><a href=\"https:\/\/www.aadas.org\/uploads\/6\/1\/3\/0\/61301709\/9_aada_relatorio_fisico_financeiro.pdf\" target=\"_blank\" rel=\"noopener\">Relat\u00f3rio de Execu\u00e7\u00e3o F\u00edsico Financeiro<\/a>\u200b<\/li>\n<\/ul>\n<\/div>\n<\/td>\n<\/tr>\n<\/tbody>\n<\/table>\n<\/div>\n<\/div>\n<\/div>\n<div>\n<div class=\"wsite-image wsite-image-border-none \">\n<div><\/div>\n<\/div>\n<\/div>\n<h4 class=\"paragraph\"><strong><a href=\"https:\/\/www.aadas.org\/uploads\/1\/2\/7\/2\/127255626\/relacao_de_materiais_recebidos_em_doacao_covid-19.pdf\" target=\"_blank\" rel=\"noopener\">RELA\u00c7\u00c3O DE MATERIAIS RECEBIDOS EM DOA\u00c7\u00c3O (ENFRENTAMENTO AO COVID-19)<\/a><\/strong><\/h4>\n<div id=\"853784994648143071\">\n<div id=\"element-32e18523-e1cf-4396-8379-51ddf44594af\" class=\"platform-element-contents\" data-platform-element-id=\"135397292802228534-1.3.6\">\n<div class=\"tabbed-box standard\">\n<div class=\"tabbed-box-bar\">\n<div><span style=\"color: #3387a2;\">Relat\u00f3rio F\u00edsico 2018 \/ 2019<\/span><\/div>\n<div><\/div>\n<div>\n<table class=\"wsite-multicol-table\" style=\"width: 1014px;\">\n<tbody class=\"wsite-multicol-tbody\">\n<tr class=\"wsite-multicol-tr\">\n<td class=\"wsite-multicol-col\" style=\"width: 265.625px;\">\n<div class=\"paragraph\">\n<ul>\n<li><a href=\"https:\/\/www.aadas.org\/uploads\/1\/2\/7\/2\/127255626\/aadas_relatorio_fisico_jan2020.pdf\" target=\"_blank\" rel=\"noopener\">Relat\u00f3rio F\u00edsico\u00a0(Janeiro\u00a02020)<\/a><\/li>\n<li><a href=\"https:\/\/www.aadas.org\/uploads\/1\/2\/7\/2\/127255626\/aadas_relatorio_fisico_fev2020.pdf\" target=\"_blank\" rel=\"noopener\">Relat\u00f3rio F\u00edsico\u00a0(Fevereiro\u00a02020)<\/a><\/li>\n<li><a href=\"https:\/\/www.aadas.org\/uploads\/1\/2\/7\/2\/127255626\/aadas_relatorio_fisico_marco_2020.pdf\" target=\"_blank\" rel=\"noopener\">Relat\u00f3rio F\u00edsico (Mar\u00e7o 2020)<\/a><\/li>\n<li><a href=\"https:\/\/www.aadas.org\/uploads\/1\/2\/7\/2\/127255626\/aadas_relatorio_fisico_abril_2020.pdf\" target=\"_blank\" rel=\"noopener\">Relat\u00f3rio F\u00edsico (Abril 2020)<\/a><\/li>\n<li><a href=\"https:\/\/www.aadas.org\/uploads\/1\/2\/7\/2\/127255626\/aadas_relatorio_fisico_maio_2020.pdf\" target=\"_blank\" rel=\"noopener\">Relat\u00f3rio F\u00edsico (Maio 2020)<\/a><\/li>\n<li><a href=\"https:\/\/www.aadas.org\/uploads\/1\/2\/7\/2\/127255626\/aadas_relatorio_fisico_junho_2020.pdf\" target=\"_blank\" rel=\"noopener\">Relat\u00f3rio F\u00edsico (Junho\u00a02020)<\/a><\/li>\n<li><a href=\"https:\/\/www.aadas.org\/uploads\/1\/2\/7\/2\/127255626\/aadas_relatorio_julho_2020.pdf\" target=\"_blank\" rel=\"noopener\">Relat\u00f3rio F\u00edsico (Julho\u00a02020)<\/a><\/li>\n<li><a href=\"https:\/\/www.aadas.org\/uploads\/1\/2\/7\/2\/127255626\/aadas_relatorio_agosto_2020.pdf\" target=\"_blank\" rel=\"noopener\">Relat\u00f3rio F\u00edsico (Agosto 2020)<\/a><\/li>\n<li><a href=\"https:\/\/www.aadas.org\/uploads\/1\/2\/7\/2\/127255626\/aadas_relatorio_setembro_2020.pdf\" target=\"_blank\" rel=\"noopener\">Relat\u00f3rio F\u00edsico (Setembro\u00a02020)<\/a><\/li>\n<li><a href=\"https:\/\/www.aadas.org\/uploads\/1\/2\/7\/2\/127255626\/aadas_relatorio_outubro_2020.pdf\" target=\"_blank\" rel=\"noopener\">Relat\u00f3rio F\u00edsico (Outubro 2020)<\/a><\/li>\n<li><a href=\"https:\/\/www.aadas.org\/uploads\/1\/2\/7\/2\/127255626\/aadas_relatorio_novembro_2020.pdf\" target=\"_blank\" rel=\"noopener\">Relat\u00f3rio F\u00edsico (Novembro 2020)<\/a><\/li>\n<li><a href=\"https:\/\/www.aadas.org\/uploads\/1\/2\/7\/2\/127255626\/aadas_relatorio_dezembro_2020.pdf\" target=\"_blank\" rel=\"noopener\">Relat\u00f3rio F\u00edsico (Dezembro 2020)<\/a><\/li>\n<li><a href=\"https:\/\/www.aadas.org\/uploads\/1\/2\/7\/2\/127255626\/aadas_relatorio_anual_de_execucao_2020.pdf\" target=\"_blank\" rel=\"noopener\">Relat\u00f3rio F\u00edsico Anual 2020<\/a><\/li>\n<\/ul>\n<\/div>\n<\/td>\n<td class=\"wsite-multicol-col\" style=\"width: 257.906px;\">\n<div class=\"paragraph\">\n<ul>\n<li style=\"text-align: left;\"><a href=\"https:\/\/www.aadas.org\/uploads\/1\/2\/7\/2\/127255626\/aadas_relatorio_janeiro_2021.pdf\" target=\"_blank\" rel=\"noopener\">Relat\u00f3rio F\u00edsico\u00a0(Janeiro\u00a02021)<\/a><\/li>\n<li style=\"text-align: left;\"><a href=\"https:\/\/www.aadas.org\/uploads\/1\/2\/7\/2\/127255626\/aadas_relatorio_fevereiro_2021.pdf\" target=\"_blank\" rel=\"noopener\">Relat\u00f3rio F\u00edsico\u00a0(Fevereiro\u00a02021)<\/a><\/li>\n<li><a href=\"https:\/\/aadas.org\/wp-content\/uploads\/2021\/06\/relatorio-Marco2021-AADAS-gerado.pdf\" target=\"_blank\" rel=\"noopener\">Relat\u00f3rio F\u00edsico (Mar\u00e7o 2021)<\/a><\/li>\n<li><a href=\"https:\/\/aadas.org\/wp-content\/uploads\/2021\/08\/relatorio-Abril2021-AADAS-gerado.pdf\" target=\"_blank\" rel=\"noopener\">Relat\u00f3rio F\u00edsico (Abril 2021)<\/a><\/li>\n<li><a href=\"https:\/\/aadas.org\/wp-content\/uploads\/2021\/08\/relatorio-Maio2021-AADAS-gerado-ok.pdf\" target=\"_blank\" rel=\"noopener\">Relat\u00f3rio F\u00edsico (Maio 2021)<\/a><\/li>\n<li><a href=\"https:\/\/aadas.org\/wp-content\/uploads\/2021\/08\/relatorio-Junho2021-AADAS-gerado-ok.pdf\" target=\"_blank\" rel=\"noopener\">Relat\u00f3rio F\u00edsico (Junho 2021)<\/a><\/li>\n<li><a href=\"https:\/\/aadas.org\/wp-content\/uploads\/2021\/08\/relatorio-Julho2021-AADAS-gerado-ok.pdf\" target=\"_blank\" rel=\"noopener\">Relat\u00f3rio F\u00edsico (Julho 2021)<\/a><\/li>\n<li><a href=\"https:\/\/aadas.org\/wp-content\/uploads\/2022\/03\/08-relatorio-Agosto2021-AADAS-gerado-ok.pdf\" target=\"_blank\" rel=\"noopener\">Relat\u00f3rio F\u00edsico (Agosto 2021)<\/a><\/li>\n<li><a href=\"https:\/\/aadas.org\/wp-content\/uploads\/2022\/03\/09-relatorio-Setembro-2021-AADAS-gerado.pdf\" target=\"_blank\" rel=\"noopener\">Relat\u00f3rio F\u00edsico (Setembro 2021)<\/a><\/li>\n<li><a href=\"https:\/\/aadas.org\/wp-content\/uploads\/2022\/03\/10-relatorio-Outubro-2021-AADAS-gerado.pdf\" target=\"_blank\" rel=\"noopener\">Relat\u00f3rio F\u00edsico (Outubro 2021)<\/a><\/li>\n<li><a href=\"https:\/\/aadas.org\/wp-content\/uploads\/2022\/03\/11-relatorio-Novembro-2021-AADAS-gerado-ok.pdf\" target=\"_blank\" rel=\"noopener\">Relat\u00f3rio F\u00edsico (Novembro 2021)<\/a><\/li>\n<li><a href=\"https:\/\/aadas.org\/wp-content\/uploads\/2022\/03\/12-relatorio-Dezembro-2021-AADAS-gerado-ok.pdf\" target=\"_blank\" rel=\"noopener\">Relat\u00f3rio F\u00edsico (Dezembro 2021)<\/a><\/li>\n<li><a href=\"https:\/\/aadas.org\/wp-content\/uploads\/2022\/03\/Relatorio-anual-2021-Sasc-1.pdf\" target=\"_blank\" rel=\"noopener\">Relat\u00f3rio F\u00edsico Anual 2021<\/a><\/li>\n<\/ul>\n<\/div>\n<\/td>\n<td style=\"width: 233.391px;\"><a href=\"https:\/\/aadas.org\/wp-content\/uploads\/2022\/03\/relatorio-Janeiro-2022-AADAS-gerado.pdf\" target=\"_blank\" rel=\"noopener\">Relat\u00f3rio F\u00edsico (Janeiro 2022)<\/a><\/p>\n<p><a href=\"https:\/\/aadas.org\/wp-content\/uploads\/2022\/10\/relatorio-Fevereiro-2022-AADAS-gerado-ok.pdf\" target=\"_blank\" rel=\"noopener\">Relat\u00f3rio F\u00edsico (Fevereiro 2022)<\/a><\/p>\n<p><a href=\"https:\/\/aadas.org\/wp-content\/uploads\/2022\/10\/relatorio-Marco-2022-AADAS-gerado-ok.pdf\" target=\"_blank\" rel=\"noopener\">Relat\u00f3rio F\u00edsico (Mar\u00e7o 2022)<\/a><\/p>\n<p><a href=\"https:\/\/aadas.org\/wp-content\/uploads\/2022\/10\/relatorio-Abril-2022-AADAS-gerado-ok.pdf\" target=\"_blank\" rel=\"noopener\">Relat\u00f3rio F\u00edsico (Abril 2022)\u00a0<\/a><\/p>\n<p><a href=\"https:\/\/aadas.org\/wp-content\/uploads\/2022\/10\/relatorio-Maio-2022-AADAS-gerado.pdf\" target=\"_blank\" rel=\"noopener\">Relat\u00f3rio F\u00edsico (Maio 2022)<\/a><\/p>\n<p><a href=\"https:\/\/aadas.org\/wp-content\/uploads\/2022\/10\/relatorio-Junho-2022-AADAS-gerado.pdf\" target=\"_blank\" rel=\"noopener\">Relat\u00f3rio F\u00edsico (Junho 2022)<\/a><\/p>\n<p><a href=\"https:\/\/aadas.org\/wp-content\/uploads\/2022\/10\/relatorio-Julho-2022-AADAS-gerado.pdf\" target=\"_blank\" rel=\"noopener\">Relat\u00f3rio F\u00edsico (Julho 2022)<\/a><\/p>\n<p><a href=\"https:\/\/aadas.org\/wp-content\/uploads\/2022\/10\/relatorio-Agosto-2022-AADAS-gerado.pdf\" target=\"_blank\" rel=\"noopener\">Relat\u00f3rio F\u00ecsico (Agosto 2022)\u00a0<\/a><\/p>\n<p><a href=\"https:\/\/aadas.org\/wp-content\/uploads\/2022\/12\/Relatorio-Setembro-2022.pdf\" target=\"_blank\" rel=\"noopener\">Relat\u00f3rio F\u00edsico (Setembro 2022)<\/a><\/p>\n<p><a href=\"https:\/\/aadas.org\/wp-content\/uploads\/2022\/12\/Relatorio_Out2022.pdf\" target=\"_blank\" rel=\"noopener\">Relat\u00f3rio F\u00edsico (Outubro 2022)<\/a><\/p>\n<p><a href=\"https:\/\/aadas.org\/wp-content\/uploads\/2022\/12\/RelatorioNov_2022.pdf\" target=\"_blank\" rel=\"noopener\">Relat\u00f3rio F\u00edsico (Novemnro 2022)<\/a><\/td>\n<td style=\"width: 229.078px;\"><\/td>\n<\/tr>\n<\/tbody>\n<\/table>\n<\/div>\n<div><\/div>\n<div><\/div>\n<div class=\"paragraph\"><span style=\"color: #3387a2;\">Relat\u00f3rio F\u00edsico 2018 \/ 2019<\/span><\/div>\n<\/div>\n<div class=\"tabbed-box-content-group\">\n<div class=\"tabbed-box-content tab-0\">\n<div>\n<div>\n<div class=\"wsite-multicol\">\n<div class=\"wsite-multicol-table-wrap\">\n<table class=\"wsite-multicol-table\">\n<tbody class=\"wsite-multicol-tbody\">\n<tr class=\"wsite-multicol-tr\">\n<td class=\"wsite-multicol-col\">\n<div class=\"paragraph\">\n<ul>\n<li><a href=\"https:\/\/www.aadas.org\/uploads\/6\/1\/3\/0\/61301709\/10_aada_relatorio_fisico_fev-2018.pdf\" target=\"_blank\" rel=\"noopener\">Relat\u00f3rio F\u00edsico\u00a0(Fevereiro 2018)<\/a><\/li>\n<li><a href=\"https:\/\/www.aadas.org\/uploads\/6\/1\/3\/0\/61301709\/11_aada_relatorio_fisico_mar-2018.pdf\" target=\"_blank\" rel=\"noopener\">Relat\u00f3rio F\u00edsico\u00a0(Mar\u00e7o 2018)<\/a><\/li>\n<li><a href=\"https:\/\/www.aadas.org\/uploads\/6\/1\/3\/0\/61301709\/12_aada_relatorio_fisico_abr-2018.pdf\" target=\"_blank\" rel=\"noopener\">Relat\u00f3rio F\u00edsico\u00a0(Abril\u00a02018)<\/a><\/li>\n<li>\u200b<a href=\"https:\/\/www.aadas.org\/uploads\/6\/1\/3\/0\/61301709\/13_aada_relatorio_fisico_mai-2018.pdf\" target=\"_blank\" rel=\"noopener\">Relat\u00f3rio F\u00edsico\u00a0(Maio 2018)<\/a><\/li>\n<li><a href=\"https:\/\/www.aadas.org\/uploads\/6\/1\/3\/0\/61301709\/14_aada_relatorio_fisico_jun-2018.pdf\" target=\"_blank\" rel=\"noopener\">Relat\u00f3rio F\u00edsico\u00a0(Junho 2018)<\/a><\/li>\n<li><a href=\"https:\/\/www.aadas.org\/uploads\/6\/1\/3\/0\/61301709\/15_aada_relatorio_fisico_jul-2018.pdf\" target=\"_blank\" rel=\"noopener\">Relat\u00f3rio F\u00edsico\u00a0(Julho 2018)<\/a><\/li>\n<li><a href=\"https:\/\/www.aadas.org\/uploads\/6\/1\/3\/0\/61301709\/16_aada_relatorio_fisico_ago-2018.pdf\" target=\"_blank\" rel=\"noopener\">Relat\u00f3rio F\u00edsico\u00a0(Agosto 2018)<\/a><\/li>\n<li><a href=\"https:\/\/www.aadas.org\/uploads\/6\/1\/3\/0\/61301709\/17_aada_relatorio_fisico_set-2018.pdf\" target=\"_blank\" rel=\"noopener\">Relat\u00f3rio F\u00edsico\u00a0(Setembro 2018)<\/a><\/li>\n<li><a href=\"https:\/\/www.aadas.org\/uploads\/6\/1\/3\/0\/61301709\/18_aada_relatorio_fisico_out-2018.pdf\" target=\"_blank\" rel=\"noopener\">Relat\u00f3rio F\u00edsico\u00a0(Outubro 2018)<\/a><\/li>\n<li><a href=\"https:\/\/www.aadas.org\/uploads\/6\/1\/3\/0\/61301709\/19_aada_relatorio_fisico_nov-2018.pdf\" target=\"_blank\" rel=\"noopener\">Relat\u00f3rio F\u00edsico\u00a0(Novembro 2018)<\/a><\/li>\n<li><a href=\"https:\/\/www.aadas.org\/uploads\/6\/1\/3\/0\/61301709\/20_aada_relatorio_fisico_dez-2018.pdf\" target=\"_blank\" rel=\"noopener\">Relat\u00f3rio F\u00edsico\u00a0(Dezembro 2018)<\/a>\u200b<a href=\"https:\/\/www.aadas.org\/uploads\/6\/1\/3\/0\/61301709\/20_aada_relatorio_fisico_dez-2018.pdf\" target=\"_blank\" rel=\"noopener\">\u200b<\/a><\/li>\n<\/ul>\n<\/div>\n<\/td>\n<td class=\"wsite-multicol-col\">\n<div class=\"paragraph\">\n<ul>\n<li><a href=\"https:\/\/www.aadas.org\/uploads\/1\/2\/7\/2\/127255626\/aadas_relatorio_fisico_jan-2019.pdf\" target=\"_blank\" rel=\"noopener\">Relat\u00f3rio F\u00edsico\u00a0(Janeiro\u00a02019)<\/a><\/li>\n<li><a href=\"https:\/\/www.aadas.org\/uploads\/1\/2\/7\/2\/127255626\/aadas_relatorio_fisico_fev-2019.pdf\" target=\"_blank\" rel=\"noopener\">Relat\u00f3rio F\u00edsico (Fevereiro 2019)<\/a><\/li>\n<li><a href=\"https:\/\/www.aadas.org\/uploads\/1\/2\/7\/2\/127255626\/aadas_relatorio_fisico_mar-2019.pdf\" target=\"_blank\" rel=\"noopener\">Relat\u00f3rio F\u00edsico\u00a0(Mar\u00e7o 2019)\u200b<\/a><\/li>\n<li><a href=\"https:\/\/www.aadas.org\/uploads\/1\/2\/7\/2\/127255626\/aadas_relatorio_fisico_abr-2019.pdf\" target=\"_blank\" rel=\"noopener\">Relat\u00f3rio F\u00edsico\u00a0(Abril 2019)\u200b<\/a><\/li>\n<li><a href=\"https:\/\/www.aadas.org\/uploads\/1\/2\/7\/2\/127255626\/aadas_relatorio_fisico_mai-2019.pdf\" target=\"_blank\" rel=\"noopener\">Relat\u00f3rio F\u00edsico\u00a0(Maio\u00a02019)<\/a><\/li>\n<li><a href=\"https:\/\/www.aadas.org\/uploads\/1\/2\/7\/2\/127255626\/aadas_relatorio_fisico_jun-2019.pdf\" target=\"_blank\" rel=\"noopener\">Relat\u00f3rio F\u00edsico\u00a0(Junho\u00a02019)<\/a><\/li>\n<li><a href=\"https:\/\/www.aadas.org\/uploads\/1\/2\/7\/2\/127255626\/aadas_relatorio_fisico_jul-2019.pdf\" target=\"_blank\" rel=\"noopener\">Relat\u00f3rio F\u00edsico (Julho 2019)<\/a><\/li>\n<li><a href=\"https:\/\/www.aadas.org\/uploads\/1\/2\/7\/2\/127255626\/aadas_relatorio_fisico_ago-2019.pdf\" target=\"_blank\" rel=\"noopener\">Relat\u00f3rio F\u00edsico (Agosto 2019)<\/a><\/li>\n<li><a href=\"https:\/\/www.aadas.org\/uploads\/1\/2\/7\/2\/127255626\/aadas_relatorio_fisico_set-2019.pdf\" target=\"_blank\" rel=\"noopener\">Relat\u00f3rio F\u00edsico (Setembro 2019)<\/a>\u200b<\/li>\n<li><a href=\"https:\/\/www.aadas.org\/uploads\/1\/2\/7\/2\/127255626\/aadas_relatorio_fisico_out-2019.pdf\" target=\"_blank\" rel=\"noopener\">Relat\u00f3rio F\u00edsico (Outubro 2019)<\/a><\/li>\n<li><a href=\"https:\/\/www.aadas.org\/uploads\/1\/2\/7\/2\/127255626\/aadas_relatorio_fisico_nov2019.pdf\" target=\"_blank\" rel=\"noopener\">Relat\u00f3rio F\u00edsico (Novembro 2019)<\/a><\/li>\n<li><a href=\"https:\/\/www.aadas.org\/uploads\/1\/2\/7\/2\/127255626\/aadas_relatorio_fisico_dez2019.pdf\" target=\"_blank\" rel=\"noopener\">Relat\u00f3rio F\u00edsico (Dezembro 2019)<\/a><\/li>\n<li><a href=\"https:\/\/www.aadas.org\/uploads\/1\/2\/7\/2\/127255626\/aadas_relatorio_anual_de_execucao_2019.pdf\" target=\"_blank\" rel=\"noopener\">Relat\u00f3rio F\u00edsico Anual 2019<\/a><\/li>\n<\/ul>\n<\/div>\n<\/td>\n<\/tr>\n<\/tbody>\n<\/table>\n<\/div>\n<\/div>\n<\/div>\n<\/div>\n<\/div>\n<\/div>\n<\/div>\n<\/div>\n<div><\/div>\n<\/div>\n<div>\n<div><\/div>\n<hr class=\"styled-hr\" \/>\n<div><\/div>\n<\/div>\n<p><strong><span style=\"font-size: x-large;\">Relat\u00f3rios de Aprova\u00e7\u00e3o Financeira<\/span><\/strong><\/p>\n<div>\n<div class=\"wsite-multicol\">\n<div class=\"wsite-multicol-table-wrap\">\n<table class=\"wsite-multicol-table\">\n<tbody class=\"wsite-multicol-tbody\">\n<tr class=\"wsite-multicol-tr\">\n<td class=\"wsite-multicol-col\">\n<div class=\"paragraph\">\n<ul>\n<li><a href=\"https:\/\/www.aadas.org\/uploads\/1\/2\/7\/2\/127255626\/despesas_realizadas_do_per%C3%ADodo_municipal_02-2019.pdf\" target=\"_blank\" rel=\"noopener\">\u200bDespesas Realizadas do Per\u00edodo Municipal &#8211; Fev\/2019<\/a><\/li>\n<li><a href=\"https:\/\/www.aadas.org\/uploads\/1\/2\/7\/2\/127255626\/despesas_realizadas_do_per%C3%ADodo_municipal_03-2019.pdf\" target=\"_blank\" rel=\"noopener\">Despesas Realizadas do Per\u00edodo Municipal &#8211; Mar\/2019<\/a><\/li>\n<li><a href=\"https:\/\/www.aadas.org\/uploads\/1\/2\/7\/2\/127255626\/despesas_realizadas_do_per%C3%ADodo_municipal_04-2019.pdf\" target=\"_blank\" rel=\"noopener\">Despesas Realizadas do Per\u00edodo Municipal &#8211; Abr\/2019<\/a><\/li>\n<li><a href=\"https:\/\/www.aadas.org\/uploads\/1\/2\/7\/2\/127255626\/despesas_realizadas_do_per%C3%ADodo_municipal_05-2019.pdf\" target=\"_blank\" rel=\"noopener\">Despesas Realizadas do Per\u00edodo Municipal &#8211; Mai\/2019<\/a><\/li>\n<li><a href=\"https:\/\/www.aadas.org\/uploads\/1\/2\/7\/2\/127255626\/despesas_realizadas_do_per%C3%ADodo_municipal_06-2019.pdf\" target=\"_blank\" rel=\"noopener\">Despesas Realizadas do Per\u00edodo Municipal &#8211; Jun\/2019<\/a><\/li>\n<li><a href=\"https:\/\/www.aadas.org\/uploads\/1\/2\/7\/2\/127255626\/despesas_realizadas_do_per%C3%ADodo_municipal_07-2019.pdf\" target=\"_blank\" rel=\"noopener\">Despesas Realizadas do Per\u00edodo Municipal &#8211; Jul\/2019<\/a><\/li>\n<li><a href=\"https:\/\/www.aadas.org\/uploads\/1\/2\/7\/2\/127255626\/despesas_realizadas_do_per%C3%ADodo_municipal_08-2019.pdf\" target=\"_blank\" rel=\"noopener\">Despesas Realizadas do Per\u00edodo Municipal &#8211; Ago\/2019<\/a><\/li>\n<li><a href=\"https:\/\/www.aadas.org\/uploads\/1\/2\/7\/2\/127255626\/despesas-realizadas-do-periodo-municipal_09-2019.pdf\" target=\"_blank\" rel=\"noopener\">Despesas Realizadas do Per\u00edodo Municipal &#8211; Set\/2019<\/a><\/li>\n<li><a href=\"https:\/\/www.aadas.org\/uploads\/1\/2\/7\/2\/127255626\/aadas_despesas_realizadas_do_periodo_municipal_out2019.pdf\" target=\"_blank\" rel=\"noopener\">Despesas Realizadas do Per\u00edodo Municipal &#8211; Out\/2019<\/a><\/li>\n<li><a href=\"https:\/\/www.aadas.org\/uploads\/1\/2\/7\/2\/127255626\/aadas_despesas_realizadas_do_periodo_municipal_nov2019.pdf\" target=\"_blank\" rel=\"noopener\">Despesas Realizadas do Per\u00edodo Municipal &#8211; Nov\/2019<\/a><\/li>\n<\/ul>\n<\/div>\n<div class=\"paragraph\">\n<ul>\n<li><a href=\"https:\/\/www.aadas.org\/uploads\/1\/2\/7\/2\/127255626\/despesas_realizadas_do_per%C3%ADodo_estadual_05-2019.pdf\" target=\"_blank\" rel=\"noopener\">Despesas Realizadas do Per\u00edodo Estadual &#8211; Mai\/2019<\/a><\/li>\n<li><a href=\"https:\/\/www.aadas.org\/uploads\/1\/2\/7\/2\/127255626\/despesas_realizadas_do_per%C3%ADodo_estadual_06-2019.pdf\" target=\"_blank\" rel=\"noopener\">Despesas Realizadas do Per\u00edodo Estadual &#8211; Jun\/2019<\/a><\/li>\n<li><a href=\"https:\/\/www.aadas.org\/uploads\/1\/2\/7\/2\/127255626\/despesas_realizadas_do_per%C3%ADodo_estadual_07-2019.pdf\" target=\"_blank\" rel=\"noopener\">Despesas Realizadas do Per\u00edodo Estadual &#8211; Jul\/2019<\/a><\/li>\n<li><a href=\"https:\/\/www.aadas.org\/uploads\/1\/2\/7\/2\/127255626\/despesas_realizadas_do_per%C3%ADodo_estadual_08-2019.pdf\" target=\"_blank\" rel=\"noopener\">Despesas Realizadas do Per\u00edodo Estadual &#8211; Ago\/2019<\/a><\/li>\n<li><a href=\"https:\/\/www.aadas.org\/uploads\/1\/2\/7\/2\/127255626\/despesas-realizadas-do-periodo-estadual_09-2019.pdf\" target=\"_blank\" rel=\"noopener\">Despesas Realizadas do Per\u00edodo Estadual &#8211; Set\/2019<\/a><\/li>\n<li><a href=\"https:\/\/www.aadas.org\/uploads\/1\/2\/7\/2\/127255626\/aadas_despesas_realizadas_do_periodo_estadual_out2019.pdf\" target=\"_blank\" rel=\"noopener\">Despesas Realizadas do Per\u00edodo Estadual &#8211; Out\/2019<\/a><\/li>\n<li><a href=\"https:\/\/www.aadas.org\/uploads\/1\/2\/7\/2\/127255626\/aadas_despesas_realizadas_do_periodo_estadual_nov2019.pdf\" target=\"_blank\" rel=\"noopener\">Despesas Realizadas do Per\u00edodo Estadual &#8211; Nov\/2019<\/a><\/li>\n<\/ul>\n<\/div>\n<\/td>\n<td class=\"wsite-multicol-col\">\n<div class=\"paragraph\">\n<ul>\n<li><a href=\"https:\/\/www.aadas.org\/uploads\/1\/2\/7\/2\/127255626\/consolidado_das_concilia%C3%A7%C3%B5es_banc%C3%A1rias_municipal_03-2019.pdf\" target=\"_blank\" rel=\"noopener\">Consolidado das Concilia\u00e7\u00f5es Banc\u00e1rias Municipal &#8211; Mar\/2019<\/a><\/li>\n<li><a href=\"https:\/\/www.aadas.org\/uploads\/1\/2\/7\/2\/127255626\/consolidado_das_concilia%C3%A7%C3%B5es_banc%C3%A1rias_municipal_04-2019.pdf\" target=\"_blank\" rel=\"noopener\">Consolidado das Concilia\u00e7\u00f5es Banc\u00e1rias Municipal &#8211; Abr\/2019<\/a><\/li>\n<li><a href=\"https:\/\/www.aadas.org\/uploads\/1\/2\/7\/2\/127255626\/consolidado_das_concilia%C3%A7%C3%B5es_banc%C3%A1rias_municipal_05-2019.pdf\" target=\"_blank\" rel=\"noopener\">Consolidado das Concilia\u00e7\u00f5es Banc\u00e1rias Municipal &#8211; Mai\/2019<\/a><\/li>\n<li><a href=\"https:\/\/www.aadas.org\/uploads\/1\/2\/7\/2\/127255626\/consolidado_das_concilia%C3%A7%C3%B5es_banc%C3%A1rias_municipal_06-2019.pdf\" target=\"_blank\" rel=\"noopener\">Consolidado das Concilia\u00e7\u00f5es Banc\u00e1rias Municipal &#8211; Jun\/2019<\/a><\/li>\n<li><a href=\"https:\/\/www.aadas.org\/uploads\/1\/2\/7\/2\/127255626\/consolidado_das_concilia%C3%A7%C3%B5es_banc%C3%A1rias_municipal_07-2019.pdf\" target=\"_blank\" rel=\"noopener\">Consolidado das Concilia\u00e7\u00f5es Banc\u00e1rias Municipal &#8211; Jul\/2019<\/a><\/li>\n<li><a href=\"https:\/\/www.aadas.org\/uploads\/1\/2\/7\/2\/127255626\/consolidado_das_concilia%C3%A7%C3%B5es_banc%C3%A1rias_municipal_08-2019.pdf\" target=\"_blank\" rel=\"noopener\">Consolidado das Concilia\u00e7\u00f5es Banc\u00e1rias Municipal &#8211; Ago\/2019<\/a><\/li>\n<li><a href=\"https:\/\/www.aadas.org\/uploads\/1\/2\/7\/2\/127255626\/consolidado-das-conciliacoes-bancarias-municipal_09-2019.pdf\" target=\"_blank\" rel=\"noopener\">Consolidado das Concilia\u00e7\u00f5es Banc\u00e1rias Municipal &#8211; Set\/2019<\/a><\/li>\n<li><a href=\"https:\/\/www.aadas.org\/uploads\/1\/2\/7\/2\/127255626\/aadas_consolidado_das_conciliacoes_bancarias_municipal_out2019.pdf\" target=\"_blank\" rel=\"noopener\">Consolidado das Concilia\u00e7\u00f5es Banc\u00e1rias Municipal &#8211; Out\/2019<\/a><\/li>\n<li><a href=\"https:\/\/www.aadas.org\/uploads\/1\/2\/7\/2\/127255626\/aadas_consolidado_das_conciliacoes_bancarias_municipal_nov2019.pdf\" target=\"_blank\" rel=\"noopener\">Consolidado das Concilia\u00e7\u00f5es Banc\u00e1rias Municipal &#8211; Nov\/2019<\/a><\/li>\n<\/ul>\n<\/div>\n<div class=\"paragraph\">\n<ul>\n<li><a href=\"https:\/\/www.aadas.org\/uploads\/1\/2\/7\/2\/127255626\/consolidado_das_concilia%C3%A7%C3%B5es_banc%C3%A1rias_estadual_05-2019.pdf\" target=\"_blank\" rel=\"noopener\">Consolidado das Concilia\u00e7\u00f5es Banc\u00e1rias Estadual &#8211; Mai\/2019<\/a><\/li>\n<li><a href=\"https:\/\/www.aadas.org\/uploads\/1\/2\/7\/2\/127255626\/consolidado_das_concilia%C3%A7%C3%B5es_banc%C3%A1rias_estadual_06-2019.pdf\" target=\"_blank\" rel=\"noopener\">Consolidado das Concilia\u00e7\u00f5es Banc\u00e1rias Estadual &#8211; Jun\/2019<\/a><\/li>\n<li><a href=\"https:\/\/www.aadas.org\/uploads\/1\/2\/7\/2\/127255626\/consolidado_das_concilia%C3%A7%C3%B5es_banc%C3%A1rias_estadual_07-2019.pdf\" target=\"_blank\" rel=\"noopener\">Consolidado das Concilia\u00e7\u00f5es Banc\u00e1rias Estadual &#8211; Jul\/2019<\/a><\/li>\n<li><a href=\"https:\/\/www.aadas.org\/uploads\/1\/2\/7\/2\/127255626\/consolidado_das_concilia%C3%A7%C3%B5es_banc%C3%A1rias_estadual_08-2019.pdf\" target=\"_blank\" rel=\"noopener\">Consolidado das Concilia\u00e7\u00f5es Banc\u00e1rias Estadual &#8211; Ago\/2019<\/a><\/li>\n<li><a href=\"https:\/\/www.aadas.org\/uploads\/1\/2\/7\/2\/127255626\/consolidado-das-conciliacoes-bancarias-estadual_09-2019.pdf\" target=\"_blank\" rel=\"noopener\">Consolidado das Concilia\u00e7\u00f5es Banc\u00e1rias Estadual &#8211; Set\/2019<\/a><\/li>\n<li><a href=\"https:\/\/www.aadas.org\/uploads\/1\/2\/7\/2\/127255626\/aadas_consolidado_das_conciliacoes_bancarias_estadual_out2019.pdf\" target=\"_blank\" rel=\"noopener\">Consolidado das Concilia\u00e7\u00f5es Banc\u00e1rias Estadual &#8211; Out\/2019<\/a><\/li>\n<li><a href=\"https:\/\/www.aadas.org\/uploads\/1\/2\/7\/2\/127255626\/aadas_consolidado_das_conciliacoes_bancarias_estadual_nov2019.pdf\" target=\"_blank\" rel=\"noopener\">Consolidado das Concilia\u00e7\u00f5es Banc\u00e1rias Estadual &#8211; Nov\/2019<\/a><\/li>\n<\/ul>\n<\/div>\n<\/td>\n<\/tr>\n<\/tbody>\n<\/table>\n<\/div>\n<\/div>\n<\/div>\n<div>\n<div><\/div>\n<hr class=\"styled-hr\" \/>\n<div><\/div>\n<\/div>\n<h2 class=\"wsite-content-title\"><strong><span style=\"font-size: xx-large;\">Projeto Surdo SIM &#8211; Mudo N\u00c3O<\/span><\/strong><\/h2>\n<div>\n<div class=\"wsite-multicol\">\n<div class=\"wsite-multicol-table-wrap\">\n<table class=\"wsite-multicol-table\">\n<tbody class=\"wsite-multicol-tbody\">\n<tr class=\"wsite-multicol-tr\">\n<td class=\"wsite-multicol-col\">\n<div class=\"paragraph\">\n<ul>\n<li><a href=\"https:\/\/www.aadas.org\/uploads\/6\/1\/3\/0\/61301709\/aada_projeto-surdo-sim-mudo-nao_conciliacao-bancaria_marco-2018.pdf\" target=\"_blank\" rel=\"noopener\">\u200b\u200b\u200bConcilia\u00e7\u00e3o Banc\u00e1ria &#8211; Mar\u00e7o 2018<\/a><\/li>\n<li><a href=\"https:\/\/www.aadas.org\/uploads\/6\/1\/3\/0\/61301709\/aada_projeto-surdo-sim-mudo-nao_conciliacao-bancaria_abril-2018.pdf\" target=\"_blank\" rel=\"noopener\">Concilia\u00e7\u00e3o Banc\u00e1ria &#8211; Abril\u00a02018<\/a><\/li>\n<li><a href=\"https:\/\/www.aadas.org\/uploads\/6\/1\/3\/0\/61301709\/aada_projeto-surdo-sim-mudo-nao_conciliacao-bancaria_maio-2018.pdf\" target=\"_blank\" rel=\"noopener\">Concilia\u00e7\u00e3o Banc\u00e1ria &#8211; Maio 2018<\/a><\/li>\n<li><a href=\"https:\/\/www.aadas.org\/uploads\/6\/1\/3\/0\/61301709\/aada_projeto-surdo-sim-mudo-nao_conciliacao-bancaria_junho-2018.pdf\" target=\"_blank\" rel=\"noopener\">Concilia\u00e7\u00e3o Banc\u00e1ria &#8211; Junho 2018<\/a><\/li>\n<li><a href=\"https:\/\/www.aadas.org\/uploads\/6\/1\/3\/0\/61301709\/aada_projeto-surdo-sim-mudo-nao_conciliacao-bancaria_julho-2018.pdf\" target=\"_blank\" rel=\"noopener\">Concilia\u00e7\u00e3o Banc\u00e1ria &#8211; Julho\u00a02018<\/a><\/li>\n<li><a href=\"https:\/\/www.aadas.org\/uploads\/6\/1\/3\/0\/61301709\/aada_projeto-surdo-sim-mudo-nao_conciliacao-bancaria_agosto-2018.pdf\" target=\"_blank\" rel=\"noopener\">\u200bConcilia\u00e7\u00e3o Banc\u00e1ria &#8211; Agosto 2018<\/a><\/li>\n<li><a href=\"https:\/\/www.aadas.org\/uploads\/6\/1\/3\/0\/61301709\/aada_projeto-surdo-sim-mudo-nao_conciliacao-bancaria_setembro-2018.pdf\" target=\"_blank\" rel=\"noopener\">\u200bConcilia\u00e7\u00e3o Banc\u00e1ria\u00a0&#8211; Setembro 2018<\/a><\/li>\n<li><a href=\"https:\/\/www.aadas.org\/uploads\/6\/1\/3\/0\/61301709\/aada_projeto-surdo-sim-mudo-nao_conciliacao-bancaria_outubro-2018.pdf\" target=\"_blank\" rel=\"noopener\">\u200bConcilia\u00e7\u00e3o Banc\u00e1ria\u00a0&#8211; Outubro 2018<\/a><\/li>\n<li><a href=\"https:\/\/www.aadas.org\/uploads\/6\/1\/3\/0\/61301709\/aada_projeto-surdo-sim-mudo-nao_conciliacao-bancaria_novembro-2018.pdf\" target=\"_blank\" rel=\"noopener\">Concilia\u00e7\u00e3o Banc\u00e1ria\u00a0&#8211; Novembro 2018<\/a><\/li>\n<li><a href=\"https:\/\/www.aadas.org\/uploads\/6\/1\/3\/0\/61301709\/aada_projeto-surdo-sim-mudo-nao_conciliacao-bancaria_dezembro-2018.pdf\" target=\"_blank\" rel=\"noopener\">Concilia\u00e7\u00e3o Banc\u00e1ria &#8211; Dezembro 2018<\/a><\/li>\n<li><a href=\"https:\/\/www.aadas.org\/uploads\/6\/1\/3\/0\/61301709\/aada_projeto-surdo-sim-mudo-nao_conciliacao-bancaria_janeiro-2019.pdf\" target=\"_blank\" rel=\"noopener\">Concilia\u00e7\u00e3o Banc\u00e1ria &#8211; Janeiro 2019<\/a><\/li>\n<li><a href=\"https:\/\/www.aadas.org\/uploads\/6\/1\/3\/0\/61301709\/aada_projeto-surdo-sim-mudo-nao_conciliacao-bancaria_fevereiro-2019.pdf\" target=\"_blank\" rel=\"noopener\">Concilia\u00e7\u00e3o Banc\u00e1ria &#8211; Fevereiro 2019<\/a><\/li>\n<li><a href=\"https:\/\/www.aadas.org\/uploads\/6\/1\/3\/0\/61301709\/aada_projeto-surdo-sim-mudo-nao_relatorio-de-execucao_marco-2018.pdf\" target=\"_blank\" rel=\"noopener\">\u200b\u200b\u200bRelat\u00f3rio de Execu\u00e7\u00e3o &#8211; Mar\u00e7o\u00a02018<\/a><\/li>\n<li><a href=\"https:\/\/www.aadas.org\/uploads\/6\/1\/3\/0\/61301709\/aada_projeto-surdo-sim-mudo-nao_relatorio-de-execucao_abril-2018.pdf\" target=\"_blank\" rel=\"noopener\">\u200bRelat\u00f3rio de Execu\u00e7\u00e3o &#8211; Abril 2018<\/a><\/li>\n<li><a href=\"https:\/\/www.aadas.org\/uploads\/6\/1\/3\/0\/61301709\/aada_projeto-surdo-sim-mudo-nao_relatorio-de-execucao_maio-2018.pdf\" target=\"_blank\" rel=\"noopener\">Relat\u00f3rio de Execu\u00e7\u00e3o &#8211; Maio 2018<\/a><\/li>\n<li><a href=\"https:\/\/www.aadas.org\/uploads\/6\/1\/3\/0\/61301709\/aada_projeto-surdo-sim-mudo-nao_relatorio-de-execucao_junho-2018.pdf\" target=\"_blank\" rel=\"noopener\">\u200bRelat\u00f3rio de Execu\u00e7\u00e3o &#8211; Junho 2018<\/a><\/li>\n<li><a href=\"https:\/\/www.aadas.org\/uploads\/6\/1\/3\/0\/61301709\/aada_projeto-surdo-sim-mudo-nao_relatorio-de-execucao_julho-2018.pdf\" target=\"_blank\" rel=\"noopener\">Relat\u00f3rio de Execu\u00e7\u00e3o &#8211; Julho 2018\u200b\u200b\u200b\u200b\u200b<\/a><\/li>\n<li><a href=\"https:\/\/www.aadas.org\/uploads\/6\/1\/3\/0\/61301709\/aada_projeto-surdo-sim-mudo-nao_relatorio-de-execucao_agosto-2018.pdf\" target=\"_blank\" rel=\"noopener\">Relat\u00f3rio de Execu\u00e7\u00e3o\u00a0&#8211; Agosto 2018<\/a><\/li>\n<li><a href=\"https:\/\/www.aadas.org\/uploads\/6\/1\/3\/0\/61301709\/aada_projeto-surdo-sim-mudo-nao_relatorio-de-execucao_setembro-2018.pdf\" target=\"_blank\" rel=\"noopener\">Relat\u00f3rio de Execu\u00e7\u00e3o\u00a0&#8211; Setembro 2018<\/a><\/li>\n<li><a href=\"https:\/\/www.aadas.org\/uploads\/6\/1\/3\/0\/61301709\/aada_projeto-surdo-sim-mudo-nao_relatorio-de-execucao_outubro-2018.pdf\" target=\"_blank\" rel=\"noopener\">Relat\u00f3rio de Execu\u00e7\u00e3o\u00a0&#8211; Outubro 2018<\/a><\/li>\n<li><a href=\"https:\/\/www.aadas.org\/uploads\/6\/1\/3\/0\/61301709\/aada_projeto-surdo-sim-mudo-nao_relatorio-de-execucao_novembro-2018.pdf\" target=\"_blank\" rel=\"noopener\">Relat\u00f3rio de Execu\u00e7\u00e3o &#8211; Novembro 2018\u200b\u200b\u200b\u200b\u200b\u200b\u200b\u200b<\/a><\/li>\n<li><a href=\"https:\/\/www.aadas.org\/uploads\/6\/1\/3\/0\/61301709\/aada_projeto-surdo-sim-mudo-nao_relatorio-de-execucao_dezembro-2018.pdf\" target=\"_blank\" rel=\"noopener\">Relat\u00f3rio de Execu\u00e7\u00e3o &#8211; Dezembro 2018\u200b<\/a><\/li>\n<\/ul>\n<\/div>\n<\/td>\n<td class=\"wsite-multicol-col\">\n<div class=\"paragraph\">\n<ul>\n<li><a href=\"https:\/\/www.aadas.org\/uploads\/6\/1\/3\/0\/61301709\/aada_projeto-surdo-sim-mudo-nao_relatorio-de-execucao_janeiro-2019.pdf\" target=\"_blank\" rel=\"noopener\">Relat\u00f3rio de Execu\u00e7\u00e3o\u00a0&#8211; Janeiro 2019<\/a><\/li>\n<li><a href=\"https:\/\/www.aadas.org\/uploads\/6\/1\/3\/0\/61301709\/aada_projeto-surdo-sim-mudo-nao_relatorio-de-execucao_fevereiro-2019.pdf\" target=\"_blank\" rel=\"noopener\">Relat\u00f3rio de Execu\u00e7\u00e3o\u00a0&#8211; Fevereiro\u00a02019<\/a><\/li>\n<li><a href=\"https:\/\/www.aadas.org\/uploads\/6\/1\/3\/0\/61301709\/aada_projeto-surdo-sim-mudo-nao_lista-de-prestadores-de-servicos_cargos-e-salarios.pdf\" target=\"_blank\" rel=\"noopener\">Lista de Prestadores de Servi\u00e7os (cargos e sal\u00e1rios)\u200b<\/a><\/li>\n<li><a href=\"https:\/\/www.aadas.org\/uploads\/6\/1\/3\/0\/61301709\/aada_projeto-surdo-sim-mudo-nao_plano-de-trabalho_marco-2018.pdf\" target=\"_blank\" rel=\"noopener\">\u200b\u200b\u200bPlano de Trabalho &#8211; Mar\u00e7o 2018<\/a><\/li>\n<li><a href=\"https:\/\/www.aadas.org\/uploads\/6\/1\/3\/0\/61301709\/aada_projeto-surdo-sim-mudo-nao_demostrativo-de-aplicacao-de-recurso_marco-2018.pdf\" target=\"_blank\" rel=\"noopener\">Demostrativo de Aplica\u00e7\u00e3o de Recurso &#8211; Mar\u00e7o 2018<\/a><\/li>\n<li><a href=\"https:\/\/www.aadas.org\/uploads\/6\/1\/3\/0\/61301709\/aada_projeto-surdo-sim-mudo-nao_demostrativo-de-aplicacao-de-recurso_abril-2018.pdf\" target=\"_blank\" rel=\"noopener\">\u200b\u200b\u200bDemostrativo de Aplica\u00e7\u00e3o de Recurso &#8211; Abril 2018<\/a><\/li>\n<li><a href=\"https:\/\/www.aadas.org\/uploads\/6\/1\/3\/0\/61301709\/aada_projeto-surdo-sim-mudo-nao_demostrativo-de-aplicacao-de-recurso_maio-2018.pdf\" target=\"_blank\" rel=\"noopener\">Demostrativo de Aplica\u00e7\u00e3o de Recurso &#8211; Maio 2018<\/a><\/li>\n<li><a href=\"https:\/\/www.aadas.org\/uploads\/6\/1\/3\/0\/61301709\/aada_projeto-surdo-sim-mudo-nao_demostrativo-de-aplicacao-de-recurso_junho-2018.pdf\" target=\"_blank\" rel=\"noopener\">\u200bDemostrativo de Aplica\u00e7\u00e3o de Recurso &#8211; Junho 2018<\/a><\/li>\n<li><a href=\"https:\/\/www.aadas.org\/uploads\/6\/1\/3\/0\/61301709\/aada_projeto-surdo-sim-mudo-nao_demostrativo-de-aplicacao-de-recurso_julho-2018.pdf\" target=\"_blank\" rel=\"noopener\">Demostrativo de Aplica\u00e7\u00e3o de Recurso &#8211; Julho 2018<\/a><\/li>\n<li><a href=\"https:\/\/www.aadas.org\/uploads\/6\/1\/3\/0\/61301709\/aada_projeto-surdo-sim-mudo-nao_demostrativo-de-aplicacao-de-recurso_setembro-2018.pdf\" target=\"_blank\" rel=\"noopener\">Demostrativo de Aplica\u00e7\u00e3o de Recurso &#8211; Setembro 2018<\/a><\/li>\n<li><a href=\"https:\/\/www.aadas.org\/uploads\/6\/1\/3\/0\/61301709\/aada_projeto-surdo-sim-mudo-nao_demostrativo-de-aplicacao-de-recurso_outubro-2018.pdf\" target=\"_blank\" rel=\"noopener\">Demostrativo de Aplica\u00e7\u00e3o de Recurso &#8211; Outubro 2018<\/a><\/li>\n<li><a href=\"https:\/\/www.aadas.org\/uploads\/6\/1\/3\/0\/61301709\/aada_projeto-surdo-sim-mudo-nao_demostrativo-de-aplicacao-de-recurso_novembro-2018.pdf\" target=\"_blank\" rel=\"noopener\">\u200bDemostrativo de Aplica\u00e7\u00e3o de Recurso &#8211; Novembro 2018<\/a><\/li>\n<li><a href=\"https:\/\/www.aadas.org\/uploads\/6\/1\/3\/0\/61301709\/aada_projeto-surdo-sim-mudo-nao_demostrativo-de-aplicacao-de-recurso_dezembro-2018.pdf\" target=\"_blank\" rel=\"noopener\">\u200bDemostrativo de Aplica\u00e7\u00e3o de Recurso &#8211; Dezembro 2018<\/a><\/li>\n<li><a href=\"https:\/\/www.aadas.org\/uploads\/6\/1\/3\/0\/61301709\/aada_projeto-surdo-sim_demostrativo-de-aplicacao-de-recurso_janeiro-2019.pdf\" target=\"_blank\" rel=\"noopener\">Demostrativo de Aplica\u00e7\u00e3o de Recurso &#8211; Janeiro 2019<\/a>\u200b<\/li>\n<li><a href=\"https:\/\/www.aadas.org\/uploads\/6\/1\/3\/0\/61301709\/aada_projeto-surdo-sim-mudo-nao_demostrativo-de-aplicacao-de-recurso_fevereiro-2019.pdf\" target=\"_blank\" rel=\"noopener\">Demostrativo de Aplica\u00e7\u00e3o de Recurso &#8211; Fevereiro 2019\u200b\u200b<\/a><\/li>\n<\/ul>\n<\/div>\n<\/td>\n<\/tr>\n<\/tbody>\n<\/table>\n<\/div>\n<\/div>\n<\/div>\n<p>[\/et_pb_text][\/et_pb_column][\/et_pb_row][\/et_pb_section]<\/p>\n","protected":false},"excerpt":{"rendered":"<p>Emenda Parlamentar Clique nos t\u00edtulos abaixo para visualizar os\u00a0arquivos no formato\u00a0PDF: Termo de Fomento_2021 Termo de Fomento 2024 Termo de Fomento 2025 Programa Social &#8211; PM de S\u00e3o Jos\u00e9 dos Campos Clique nos t\u00edtulos abaixo para visualizar os\u00a0arquivos no formato\u00a0PDF: Estatuto \u200bTermo de Ajuste e Plano de Trabalho \u200bRela\u00e7\u00e3o Nominal dos Dirigentes Valores Repassados Lista [&hellip;]<\/p>\n","protected":false},"author":2,"featured_media":0,"parent":0,"menu_order":0,"comment_status":"closed","ping_status":"closed","template":"","meta":{"_et_pb_use_builder":"on","_et_pb_old_content":"<div>\r\n<div class=\"wsite-image wsite-image-border-none \">\r\n<div><\/div>\r\n<\/div>\r\n<\/div>\r\n<h2 class=\"wsite-content-title\"><strong>Programa Social - PM de S\u00e3o Jos\u00e9 dos Campos<\/strong><\/h2>\r\n<div class=\"paragraph\"><span style=\"font-size: large;\">Clique nos t\u00edtulos abaixo para visualizar os\u00a0<strong>arquivos no formato\u00a0<span style=\"color: #da4444;\">PDF<\/span><\/strong>:<\/span><\/div>\r\n<div>\r\n<div class=\"wsite-multicol\">\r\n<div class=\"wsite-multicol-table-wrap\">\r\n<table class=\"wsite-multicol-table\">\r\n<tbody class=\"wsite-multicol-tbody\">\r\n<tr class=\"wsite-multicol-tr\">\r\n<td class=\"wsite-multicol-col\">\r\n<div class=\"paragraph\">\r\n<ul>\r\n \t<li><a href=\"http:\/\/www.aadas.org\/uploads\/6\/1\/3\/0\/61301709\/1_aadas_estatuto-2019.pdf\" target=\"_blank\" rel=\"noopener\">Estatuto<\/a><\/li>\r\n \t<li><a href=\"http:\/\/www.aadas.org\/uploads\/6\/1\/3\/0\/61301709\/4_aadas_termo_e_plano_de_trabalho.pdf\" target=\"_blank\" rel=\"noopener\">\u200bTermo de Ajuste e Plano de Trabalho<\/a><\/li>\r\n \t<li>\u200b<a href=\"http:\/\/www.aadas.org\/uploads\/6\/1\/3\/0\/61301709\/02_aadas_relacao_nominal_dos_dirigentes.pdf\" target=\"_blank\" rel=\"noopener\">Rela\u00e7\u00e3o Nominal dos Dirigentes<\/a><\/li>\r\n \t<li><a href=\"http:\/\/www.aadas.org\/uploads\/1\/2\/7\/2\/127255626\/aadas_valores-repassados.pdf\" target=\"_blank\" rel=\"noopener\">Valores Repassados<\/a><\/li>\r\n \t<li><a href=\"http:\/\/www.aadas.org\/uploads\/6\/1\/3\/0\/61301709\/25_aadas_lista_de_prestadores_de_servico.pdf\" target=\"_blank\" rel=\"noopener\">Lista de Prestadores de Servi\u00e7o<\/a><\/li>\r\n \t<li><a href=\"http:\/\/www.aadas.org\/uploads\/1\/2\/7\/2\/127255626\/aadas_remuneracao-individualizada-dos-colaboradores.pdf\" target=\"_blank\" rel=\"noopener\">Remunera\u00e7\u00e3o Individualizada dos Colaboradores\u200b<\/a><\/li>\r\n<\/ul>\r\n<\/div><\/td>\r\n<td class=\"wsite-multicol-col\">\r\n<div class=\"paragraph\">\r\n<ul>\r\n \t<li><a href=\"http:\/\/www.aadas.org\/uploads\/1\/2\/7\/2\/127255626\/aadas_balanco_patrimonial-2018.pdf\" target=\"_blank\" rel=\"noopener\">Balan\u00e7o Patrimonial 2018<\/a><\/li>\r\n \t<li><a href=\"http:\/\/www.aadas.org\/uploads\/6\/1\/3\/0\/61301709\/6_aadas_dre-2018.pdf\" target=\"_blank\" rel=\"noopener\">DRE 2018<\/a>\u200b\u200b<\/li>\r\n \t<li>\u200b<a href=\"http:\/\/www.aadas.org\/uploads\/6\/1\/3\/0\/61301709\/5_aada_regulamento.pdf\" target=\"_blank\" rel=\"noopener\">Regulamento de Compras e Contrata\u00e7\u00e3o de Pessoal<\/a><\/li>\r\n \t<li><a href=\"http:\/\/www.aadas.org\/uploads\/1\/2\/7\/2\/127255626\/aadas_relatorio-anual-de-execucao-de-atividades-2017.pdf\" target=\"_blank\" rel=\"noopener\">\u200bRelat\u00f3rio Anual de Execu\u00e7\u00e3o de Atividades\u00a02017\u200b<\/a><\/li>\r\n \t<li><a href=\"http:\/\/www.aadas.org\/uploads\/6\/1\/3\/0\/61301709\/9_aada_relatorio_fisico_financeiro.pdf\" target=\"_blank\" rel=\"noopener\">Relat\u00f3rio de Execu\u00e7\u00e3o F\u00edsico Financeiro<\/a>\u200b<\/li>\r\n<\/ul>\r\n<\/div><\/td>\r\n<\/tr>\r\n<\/tbody>\r\n<\/table>\r\n<\/div>\r\n<\/div>\r\n<\/div>\r\n<div>\r\n<div class=\"wsite-image wsite-image-border-none \">\r\n<div><\/div>\r\n<\/div>\r\n<\/div>\r\n<h4 class=\"paragraph\"><strong><a href=\"http:\/\/www.aadas.org\/uploads\/1\/2\/7\/2\/127255626\/relacao_de_materiais_recebidos_em_doacao_covid-19.pdf\" target=\"_blank\" rel=\"noopener\">RELA\u00c7\u00c3O DE MATERIAIS RECEBIDOS EM DOA\u00c7\u00c3O (ENFRENTAMENTO AO COVID-19)<\/a><\/strong><\/h4>\r\n<div id=\"853784994648143071\">\r\n<div id=\"element-32e18523-e1cf-4396-8379-51ddf44594af\" class=\"platform-element-contents\" data-platform-element-id=\"135397292802228534-1.3.6\">\r\n<div class=\"tabbed-box standard\">\r\n<div class=\"tabbed-box-bar\">\r\n<div><span style=\"color: #3387a2;\">Relat\u00f3rio F\u00edsico 2018 \/ 2019<\/span><\/div>\r\n<div><\/div>\r\n<div>\r\n<table class=\"wsite-multicol-table\">\r\n<tbody class=\"wsite-multicol-tbody\">\r\n<tr class=\"wsite-multicol-tr\">\r\n<td class=\"wsite-multicol-col\">\r\n<div class=\"paragraph\">\r\n<ul>\r\n \t<li><a href=\"http:\/\/www.aadas.org\/uploads\/1\/2\/7\/2\/127255626\/aadas_relatorio_fisico_jan2020.pdf\" target=\"_blank\" rel=\"noopener\">Relat\u00f3rio F\u00edsico\u00a0(Janeiro\u00a02020)<\/a><\/li>\r\n \t<li><a href=\"http:\/\/www.aadas.org\/uploads\/1\/2\/7\/2\/127255626\/aadas_relatorio_fisico_fev2020.pdf\" target=\"_blank\" rel=\"noopener\">Relat\u00f3rio F\u00edsico\u00a0(Fevereiro\u00a02020)<\/a><\/li>\r\n \t<li><a href=\"http:\/\/www.aadas.org\/uploads\/1\/2\/7\/2\/127255626\/aadas_relatorio_fisico_marco_2020.pdf\" target=\"_blank\" rel=\"noopener\">Relat\u00f3rio F\u00edsico (Mar\u00e7o 2020)<\/a><\/li>\r\n \t<li><a href=\"http:\/\/www.aadas.org\/uploads\/1\/2\/7\/2\/127255626\/aadas_relatorio_fisico_abril_2020.pdf\" target=\"_blank\" rel=\"noopener\">Relat\u00f3rio F\u00edsico (Abril 2020)<\/a><\/li>\r\n \t<li><a href=\"http:\/\/www.aadas.org\/uploads\/1\/2\/7\/2\/127255626\/aadas_relatorio_fisico_maio_2020.pdf\" target=\"_blank\" rel=\"noopener\">Relat\u00f3rio F\u00edsico (Maio 2020)<\/a><\/li>\r\n \t<li><a href=\"http:\/\/www.aadas.org\/uploads\/1\/2\/7\/2\/127255626\/aadas_relatorio_fisico_junho_2020.pdf\" target=\"_blank\" rel=\"noopener\">Relat\u00f3rio F\u00edsico (Junho\u00a02020)<\/a><\/li>\r\n \t<li><a href=\"http:\/\/www.aadas.org\/uploads\/1\/2\/7\/2\/127255626\/aadas_relatorio_julho_2020.pdf\" target=\"_blank\" rel=\"noopener\">Relat\u00f3rio F\u00edsico (Julho\u00a02020)<\/a><\/li>\r\n \t<li><a href=\"http:\/\/www.aadas.org\/uploads\/1\/2\/7\/2\/127255626\/aadas_relatorio_agosto_2020.pdf\" target=\"_blank\" rel=\"noopener\">Relat\u00f3rio F\u00edsico (Agosto 2020)<\/a><\/li>\r\n \t<li><a href=\"http:\/\/www.aadas.org\/uploads\/1\/2\/7\/2\/127255626\/aadas_relatorio_setembro_2020.pdf\" target=\"_blank\" rel=\"noopener\">Relat\u00f3rio F\u00edsico (Setembro\u00a02020)<\/a><\/li>\r\n \t<li><a href=\"http:\/\/www.aadas.org\/uploads\/1\/2\/7\/2\/127255626\/aadas_relatorio_outubro_2020.pdf\" target=\"_blank\" rel=\"noopener\">Relat\u00f3rio F\u00edsico (Outubro 2020)<\/a><\/li>\r\n \t<li><a href=\"http:\/\/www.aadas.org\/uploads\/1\/2\/7\/2\/127255626\/aadas_relatorio_novembro_2020.pdf\" target=\"_blank\" rel=\"noopener\">Relat\u00f3rio F\u00edsico (Novembro 2020)<\/a><\/li>\r\n \t<li><a href=\"http:\/\/www.aadas.org\/uploads\/1\/2\/7\/2\/127255626\/aadas_relatorio_dezembro_2020.pdf\" target=\"_blank\" rel=\"noopener\">Relat\u00f3rio F\u00edsico (Dezembro 2020)<\/a><\/li>\r\n \t<li><a href=\"http:\/\/www.aadas.org\/uploads\/1\/2\/7\/2\/127255626\/aadas_relatorio_anual_de_execucao_2020.pdf\" target=\"_blank\" rel=\"noopener\">Relat\u00f3rio F\u00edsico Anual 2020<\/a><\/li>\r\n<\/ul>\r\n<\/div><\/td>\r\n<td class=\"wsite-multicol-col\">\r\n<div class=\"paragraph\">\r\n<ul>\r\n \t<li style=\"text-align: left;\"><a href=\"http:\/\/www.aadas.org\/uploads\/1\/2\/7\/2\/127255626\/aadas_relatorio_janeiro_2021.pdf\" target=\"_blank\" rel=\"noopener\">Relat\u00f3rio F\u00edsico\u00a0(Janeiro\u00a02021)<\/a><\/li>\r\n \t<li style=\"text-align: left;\"><a href=\"http:\/\/www.aadas.org\/uploads\/1\/2\/7\/2\/127255626\/aadas_relatorio_fevereiro_2021.pdf\" target=\"_blank\" rel=\"noopener\">Relat\u00f3rio F\u00edsico\u00a0(Fevereiro\u00a02021)<\/a><\/li>\r\n \t<li><\/li>\r\n<\/ul>\r\n<\/div><\/td>\r\n<\/tr>\r\n<\/tbody>\r\n<\/table>\r\n<\/div>\r\n<div><\/div>\r\n<div><\/div>\r\n<div class=\"paragraph\"><span style=\"color: #3387a2;\">Relat\u00f3rio F\u00edsico 2018 \/ 2019<\/span><\/div>\r\n<\/div>\r\n<div class=\"tabbed-box-content-group\">\r\n<div class=\"tabbed-box-content tab-0\">\r\n<div>\r\n<div>\r\n<div class=\"wsite-multicol\">\r\n<div class=\"wsite-multicol-table-wrap\">\r\n<table class=\"wsite-multicol-table\">\r\n<tbody class=\"wsite-multicol-tbody\">\r\n<tr class=\"wsite-multicol-tr\">\r\n<td class=\"wsite-multicol-col\">\r\n<div class=\"paragraph\">\r\n<ul>\r\n \t<li><a href=\"http:\/\/www.aadas.org\/uploads\/6\/1\/3\/0\/61301709\/10_aada_relatorio_fisico_fev-2018.pdf\" target=\"_blank\" rel=\"noopener\">Relat\u00f3rio F\u00edsico\u00a0(Fevereiro 2018)<\/a><\/li>\r\n \t<li><a href=\"http:\/\/www.aadas.org\/uploads\/6\/1\/3\/0\/61301709\/11_aada_relatorio_fisico_mar-2018.pdf\" target=\"_blank\" rel=\"noopener\">Relat\u00f3rio F\u00edsico\u00a0(Mar\u00e7o 2018)<\/a><\/li>\r\n \t<li><a href=\"http:\/\/www.aadas.org\/uploads\/6\/1\/3\/0\/61301709\/12_aada_relatorio_fisico_abr-2018.pdf\" target=\"_blank\" rel=\"noopener\">Relat\u00f3rio F\u00edsico\u00a0(Abril\u00a02018)<\/a><\/li>\r\n \t<li>\u200b<a href=\"http:\/\/www.aadas.org\/uploads\/6\/1\/3\/0\/61301709\/13_aada_relatorio_fisico_mai-2018.pdf\" target=\"_blank\" rel=\"noopener\">Relat\u00f3rio F\u00edsico\u00a0(Maio 2018)<\/a><\/li>\r\n \t<li><a href=\"http:\/\/www.aadas.org\/uploads\/6\/1\/3\/0\/61301709\/14_aada_relatorio_fisico_jun-2018.pdf\" target=\"_blank\" rel=\"noopener\">Relat\u00f3rio F\u00edsico\u00a0(Junho 2018)<\/a><\/li>\r\n \t<li><a href=\"http:\/\/www.aadas.org\/uploads\/6\/1\/3\/0\/61301709\/15_aada_relatorio_fisico_jul-2018.pdf\" target=\"_blank\" rel=\"noopener\">Relat\u00f3rio F\u00edsico\u00a0(Julho 2018)<\/a><\/li>\r\n \t<li><a href=\"http:\/\/www.aadas.org\/uploads\/6\/1\/3\/0\/61301709\/16_aada_relatorio_fisico_ago-2018.pdf\" target=\"_blank\" rel=\"noopener\">Relat\u00f3rio F\u00edsico\u00a0(Agosto 2018)<\/a><\/li>\r\n \t<li><a href=\"http:\/\/www.aadas.org\/uploads\/6\/1\/3\/0\/61301709\/17_aada_relatorio_fisico_set-2018.pdf\" target=\"_blank\" rel=\"noopener\">Relat\u00f3rio F\u00edsico\u00a0(Setembro 2018)<\/a><\/li>\r\n \t<li><a href=\"http:\/\/www.aadas.org\/uploads\/6\/1\/3\/0\/61301709\/18_aada_relatorio_fisico_out-2018.pdf\" target=\"_blank\" rel=\"noopener\">Relat\u00f3rio F\u00edsico\u00a0(Outubro 2018)<\/a><\/li>\r\n \t<li><a href=\"http:\/\/www.aadas.org\/uploads\/6\/1\/3\/0\/61301709\/19_aada_relatorio_fisico_nov-2018.pdf\" target=\"_blank\" rel=\"noopener\">Relat\u00f3rio F\u00edsico\u00a0(Novembro 2018)<\/a><\/li>\r\n \t<li><a href=\"http:\/\/www.aadas.org\/uploads\/6\/1\/3\/0\/61301709\/20_aada_relatorio_fisico_dez-2018.pdf\" target=\"_blank\" rel=\"noopener\">Relat\u00f3rio F\u00edsico\u00a0(Dezembro 2018)<\/a>\u200b<a href=\"http:\/\/www.aadas.org\/uploads\/6\/1\/3\/0\/61301709\/20_aada_relatorio_fisico_dez-2018.pdf\" target=\"_blank\" rel=\"noopener\">\u200b<\/a><\/li>\r\n<\/ul>\r\n<\/div><\/td>\r\n<td class=\"wsite-multicol-col\">\r\n<div class=\"paragraph\">\r\n<ul>\r\n \t<li><a href=\"http:\/\/www.aadas.org\/uploads\/1\/2\/7\/2\/127255626\/aadas_relatorio_fisico_jan-2019.pdf\" target=\"_blank\" rel=\"noopener\">Relat\u00f3rio F\u00edsico\u00a0(Janeiro\u00a02019)<\/a><\/li>\r\n \t<li><a href=\"http:\/\/www.aadas.org\/uploads\/1\/2\/7\/2\/127255626\/aadas_relatorio_fisico_fev-2019.pdf\" target=\"_blank\" rel=\"noopener\">Relat\u00f3rio F\u00edsico (Fevereiro 2019)<\/a><\/li>\r\n \t<li><a href=\"http:\/\/www.aadas.org\/uploads\/1\/2\/7\/2\/127255626\/aadas_relatorio_fisico_mar-2019.pdf\" target=\"_blank\" rel=\"noopener\">Relat\u00f3rio F\u00edsico\u00a0(Mar\u00e7o 2019)\u200b<\/a><\/li>\r\n \t<li><a href=\"http:\/\/www.aadas.org\/uploads\/1\/2\/7\/2\/127255626\/aadas_relatorio_fisico_abr-2019.pdf\" target=\"_blank\" rel=\"noopener\">Relat\u00f3rio F\u00edsico\u00a0(Abril 2019)\u200b<\/a><\/li>\r\n \t<li><a href=\"http:\/\/www.aadas.org\/uploads\/1\/2\/7\/2\/127255626\/aadas_relatorio_fisico_mai-2019.pdf\" target=\"_blank\" rel=\"noopener\">Relat\u00f3rio F\u00edsico\u00a0(Maio\u00a02019)<\/a><\/li>\r\n \t<li><a href=\"http:\/\/www.aadas.org\/uploads\/1\/2\/7\/2\/127255626\/aadas_relatorio_fisico_jun-2019.pdf\" target=\"_blank\" rel=\"noopener\">Relat\u00f3rio F\u00edsico\u00a0(Junho\u00a02019)<\/a><\/li>\r\n \t<li><a href=\"http:\/\/www.aadas.org\/uploads\/1\/2\/7\/2\/127255626\/aadas_relatorio_fisico_jul-2019.pdf\" target=\"_blank\" rel=\"noopener\">Relat\u00f3rio F\u00edsico (Julho 2019)<\/a><\/li>\r\n \t<li><a href=\"http:\/\/www.aadas.org\/uploads\/1\/2\/7\/2\/127255626\/aadas_relatorio_fisico_ago-2019.pdf\" target=\"_blank\" rel=\"noopener\">Relat\u00f3rio F\u00edsico (Agosto 2019)<\/a><\/li>\r\n \t<li><a href=\"http:\/\/www.aadas.org\/uploads\/1\/2\/7\/2\/127255626\/aadas_relatorio_fisico_set-2019.pdf\" target=\"_blank\" rel=\"noopener\">Relat\u00f3rio F\u00edsico (Setembro 2019)<\/a>\u200b<\/li>\r\n \t<li><a href=\"http:\/\/www.aadas.org\/uploads\/1\/2\/7\/2\/127255626\/aadas_relatorio_fisico_out-2019.pdf\" target=\"_blank\" rel=\"noopener\">Relat\u00f3rio F\u00edsico (Outubro 2019)<\/a><\/li>\r\n \t<li><a href=\"http:\/\/www.aadas.org\/uploads\/1\/2\/7\/2\/127255626\/aadas_relatorio_fisico_nov2019.pdf\" target=\"_blank\" rel=\"noopener\">Relat\u00f3rio F\u00edsico (Novembro 2019)<\/a><\/li>\r\n \t<li><a href=\"http:\/\/www.aadas.org\/uploads\/1\/2\/7\/2\/127255626\/aadas_relatorio_fisico_dez2019.pdf\" target=\"_blank\" rel=\"noopener\">Relat\u00f3rio F\u00edsico (Dezembro 2019)<\/a><\/li>\r\n \t<li><a href=\"http:\/\/www.aadas.org\/uploads\/1\/2\/7\/2\/127255626\/aadas_relatorio_anual_de_execucao_2019.pdf\" target=\"_blank\" rel=\"noopener\">Relat\u00f3rio F\u00edsico Anual 2019<\/a><\/li>\r\n<\/ul>\r\n<\/div><\/td>\r\n<\/tr>\r\n<\/tbody>\r\n<\/table>\r\n<\/div>\r\n<\/div>\r\n<\/div>\r\n<\/div>\r\n<\/div>\r\n<\/div>\r\n<\/div>\r\n<\/div>\r\n<div><\/div>\r\n<\/div>\r\n<div>\r\n<div><\/div>\r\n\r\n<hr class=\"styled-hr\" \/>\r\n\r\n<div><\/div>\r\n<\/div>\r\n<strong><span style=\"font-size: x-large;\">Relat\u00f3rios de Aprova\u00e7\u00e3o Financeira<\/span><\/strong>\r\n<div>\r\n<div class=\"wsite-multicol\">\r\n<div class=\"wsite-multicol-table-wrap\">\r\n<table class=\"wsite-multicol-table\">\r\n<tbody class=\"wsite-multicol-tbody\">\r\n<tr class=\"wsite-multicol-tr\">\r\n<td class=\"wsite-multicol-col\">\r\n<div class=\"paragraph\">\r\n<ul>\r\n \t<li><a href=\"http:\/\/www.aadas.org\/uploads\/1\/2\/7\/2\/127255626\/despesas_realizadas_do_per%C3%ADodo_municipal_02-2019.pdf\" target=\"_blank\" rel=\"noopener\">\u200bDespesas Realizadas do Per\u00edodo Municipal - Fev\/2019<\/a><\/li>\r\n \t<li><a href=\"http:\/\/www.aadas.org\/uploads\/1\/2\/7\/2\/127255626\/despesas_realizadas_do_per%C3%ADodo_municipal_03-2019.pdf\" target=\"_blank\" rel=\"noopener\">Despesas Realizadas do Per\u00edodo Municipal - Mar\/2019<\/a><\/li>\r\n \t<li><a href=\"http:\/\/www.aadas.org\/uploads\/1\/2\/7\/2\/127255626\/despesas_realizadas_do_per%C3%ADodo_municipal_04-2019.pdf\" target=\"_blank\" rel=\"noopener\">Despesas Realizadas do Per\u00edodo Municipal - Abr\/2019<\/a><\/li>\r\n \t<li><a href=\"http:\/\/www.aadas.org\/uploads\/1\/2\/7\/2\/127255626\/despesas_realizadas_do_per%C3%ADodo_municipal_05-2019.pdf\" target=\"_blank\" rel=\"noopener\">Despesas Realizadas do Per\u00edodo Municipal - Mai\/2019<\/a><\/li>\r\n \t<li><a href=\"http:\/\/www.aadas.org\/uploads\/1\/2\/7\/2\/127255626\/despesas_realizadas_do_per%C3%ADodo_municipal_06-2019.pdf\" target=\"_blank\" rel=\"noopener\">Despesas Realizadas do Per\u00edodo Municipal - Jun\/2019<\/a><\/li>\r\n \t<li><a href=\"http:\/\/www.aadas.org\/uploads\/1\/2\/7\/2\/127255626\/despesas_realizadas_do_per%C3%ADodo_municipal_07-2019.pdf\" target=\"_blank\" rel=\"noopener\">Despesas Realizadas do Per\u00edodo Municipal - Jul\/2019<\/a><\/li>\r\n \t<li><a href=\"http:\/\/www.aadas.org\/uploads\/1\/2\/7\/2\/127255626\/despesas_realizadas_do_per%C3%ADodo_municipal_08-2019.pdf\" target=\"_blank\" rel=\"noopener\">Despesas Realizadas do Per\u00edodo Municipal - Ago\/2019<\/a><\/li>\r\n \t<li><a href=\"http:\/\/www.aadas.org\/uploads\/1\/2\/7\/2\/127255626\/despesas-realizadas-do-periodo-municipal_09-2019.pdf\" target=\"_blank\" rel=\"noopener\">Despesas Realizadas do Per\u00edodo Municipal - Set\/2019<\/a><\/li>\r\n \t<li><a href=\"http:\/\/www.aadas.org\/uploads\/1\/2\/7\/2\/127255626\/aadas_despesas_realizadas_do_periodo_municipal_out2019.pdf\" target=\"_blank\" rel=\"noopener\">Despesas Realizadas do Per\u00edodo Municipal - Out\/2019<\/a><\/li>\r\n \t<li><a href=\"http:\/\/www.aadas.org\/uploads\/1\/2\/7\/2\/127255626\/aadas_despesas_realizadas_do_periodo_municipal_nov2019.pdf\" target=\"_blank\" rel=\"noopener\">Despesas Realizadas do Per\u00edodo Municipal - Nov\/2019<\/a><\/li>\r\n<\/ul>\r\n<\/div>\r\n<div class=\"paragraph\">\r\n<ul>\r\n \t<li><a href=\"http:\/\/www.aadas.org\/uploads\/1\/2\/7\/2\/127255626\/despesas_realizadas_do_per%C3%ADodo_estadual_05-2019.pdf\" target=\"_blank\" rel=\"noopener\">Despesas Realizadas do Per\u00edodo Estadual - Mai\/2019<\/a><\/li>\r\n \t<li><a href=\"http:\/\/www.aadas.org\/uploads\/1\/2\/7\/2\/127255626\/despesas_realizadas_do_per%C3%ADodo_estadual_06-2019.pdf\" target=\"_blank\" rel=\"noopener\">Despesas Realizadas do Per\u00edodo Estadual - Jun\/2019<\/a><\/li>\r\n \t<li><a href=\"http:\/\/www.aadas.org\/uploads\/1\/2\/7\/2\/127255626\/despesas_realizadas_do_per%C3%ADodo_estadual_07-2019.pdf\" target=\"_blank\" rel=\"noopener\">Despesas Realizadas do Per\u00edodo Estadual - Jul\/2019<\/a><\/li>\r\n \t<li><a href=\"http:\/\/www.aadas.org\/uploads\/1\/2\/7\/2\/127255626\/despesas_realizadas_do_per%C3%ADodo_estadual_08-2019.pdf\" target=\"_blank\" rel=\"noopener\">Despesas Realizadas do Per\u00edodo Estadual - Ago\/2019<\/a><\/li>\r\n \t<li><a href=\"http:\/\/www.aadas.org\/uploads\/1\/2\/7\/2\/127255626\/despesas-realizadas-do-periodo-estadual_09-2019.pdf\" target=\"_blank\" rel=\"noopener\">Despesas Realizadas do Per\u00edodo Estadual - Set\/2019<\/a><\/li>\r\n \t<li><a href=\"http:\/\/www.aadas.org\/uploads\/1\/2\/7\/2\/127255626\/aadas_despesas_realizadas_do_periodo_estadual_out2019.pdf\" target=\"_blank\" rel=\"noopener\">Despesas Realizadas do Per\u00edodo Estadual - Out\/2019<\/a><\/li>\r\n \t<li><a href=\"http:\/\/www.aadas.org\/uploads\/1\/2\/7\/2\/127255626\/aadas_despesas_realizadas_do_periodo_estadual_nov2019.pdf\" target=\"_blank\" rel=\"noopener\">Despesas Realizadas do Per\u00edodo Estadual - Nov\/2019<\/a><\/li>\r\n<\/ul>\r\n<\/div><\/td>\r\n<td class=\"wsite-multicol-col\">\r\n<div class=\"paragraph\">\r\n<ul>\r\n \t<li><a href=\"http:\/\/www.aadas.org\/uploads\/1\/2\/7\/2\/127255626\/consolidado_das_concilia%C3%A7%C3%B5es_banc%C3%A1rias_municipal_03-2019.pdf\" target=\"_blank\" rel=\"noopener\">Consolidado das Concilia\u00e7\u00f5es Banc\u00e1rias Municipal - Mar\/2019<\/a><\/li>\r\n \t<li><a href=\"http:\/\/www.aadas.org\/uploads\/1\/2\/7\/2\/127255626\/consolidado_das_concilia%C3%A7%C3%B5es_banc%C3%A1rias_municipal_04-2019.pdf\" target=\"_blank\" rel=\"noopener\">Consolidado das Concilia\u00e7\u00f5es Banc\u00e1rias Municipal - Abr\/2019<\/a><\/li>\r\n \t<li><a href=\"http:\/\/www.aadas.org\/uploads\/1\/2\/7\/2\/127255626\/consolidado_das_concilia%C3%A7%C3%B5es_banc%C3%A1rias_municipal_05-2019.pdf\" target=\"_blank\" rel=\"noopener\">Consolidado das Concilia\u00e7\u00f5es Banc\u00e1rias Municipal - Mai\/2019<\/a><\/li>\r\n \t<li><a href=\"http:\/\/www.aadas.org\/uploads\/1\/2\/7\/2\/127255626\/consolidado_das_concilia%C3%A7%C3%B5es_banc%C3%A1rias_municipal_06-2019.pdf\" target=\"_blank\" rel=\"noopener\">Consolidado das Concilia\u00e7\u00f5es Banc\u00e1rias Municipal - Jun\/2019<\/a><\/li>\r\n \t<li><a href=\"http:\/\/www.aadas.org\/uploads\/1\/2\/7\/2\/127255626\/consolidado_das_concilia%C3%A7%C3%B5es_banc%C3%A1rias_municipal_07-2019.pdf\" target=\"_blank\" rel=\"noopener\">Consolidado das Concilia\u00e7\u00f5es Banc\u00e1rias Municipal - Jul\/2019<\/a><\/li>\r\n \t<li><a href=\"http:\/\/www.aadas.org\/uploads\/1\/2\/7\/2\/127255626\/consolidado_das_concilia%C3%A7%C3%B5es_banc%C3%A1rias_municipal_08-2019.pdf\" target=\"_blank\" rel=\"noopener\">Consolidado das Concilia\u00e7\u00f5es Banc\u00e1rias Municipal - Ago\/2019<\/a><\/li>\r\n \t<li><a href=\"http:\/\/www.aadas.org\/uploads\/1\/2\/7\/2\/127255626\/consolidado-das-conciliacoes-bancarias-municipal_09-2019.pdf\" target=\"_blank\" rel=\"noopener\">Consolidado das Concilia\u00e7\u00f5es Banc\u00e1rias Municipal - Set\/2019<\/a><\/li>\r\n \t<li><a href=\"http:\/\/www.aadas.org\/uploads\/1\/2\/7\/2\/127255626\/aadas_consolidado_das_conciliacoes_bancarias_municipal_out2019.pdf\" target=\"_blank\" rel=\"noopener\">Consolidado das Concilia\u00e7\u00f5es Banc\u00e1rias Municipal - Out\/2019<\/a><\/li>\r\n \t<li><a href=\"http:\/\/www.aadas.org\/uploads\/1\/2\/7\/2\/127255626\/aadas_consolidado_das_conciliacoes_bancarias_municipal_nov2019.pdf\" target=\"_blank\" rel=\"noopener\">Consolidado das Concilia\u00e7\u00f5es Banc\u00e1rias Municipal - Nov\/2019<\/a><\/li>\r\n<\/ul>\r\n<\/div>\r\n<div class=\"paragraph\">\r\n<ul>\r\n \t<li><a href=\"http:\/\/www.aadas.org\/uploads\/1\/2\/7\/2\/127255626\/consolidado_das_concilia%C3%A7%C3%B5es_banc%C3%A1rias_estadual_05-2019.pdf\" target=\"_blank\" rel=\"noopener\">Consolidado das Concilia\u00e7\u00f5es Banc\u00e1rias Estadual - Mai\/2019<\/a><\/li>\r\n \t<li><a href=\"http:\/\/www.aadas.org\/uploads\/1\/2\/7\/2\/127255626\/consolidado_das_concilia%C3%A7%C3%B5es_banc%C3%A1rias_estadual_06-2019.pdf\" target=\"_blank\" rel=\"noopener\">Consolidado das Concilia\u00e7\u00f5es Banc\u00e1rias Estadual - Jun\/2019<\/a><\/li>\r\n \t<li><a href=\"http:\/\/www.aadas.org\/uploads\/1\/2\/7\/2\/127255626\/consolidado_das_concilia%C3%A7%C3%B5es_banc%C3%A1rias_estadual_07-2019.pdf\" target=\"_blank\" rel=\"noopener\">Consolidado das Concilia\u00e7\u00f5es Banc\u00e1rias Estadual - Jul\/2019<\/a><\/li>\r\n \t<li><a href=\"http:\/\/www.aadas.org\/uploads\/1\/2\/7\/2\/127255626\/consolidado_das_concilia%C3%A7%C3%B5es_banc%C3%A1rias_estadual_08-2019.pdf\" target=\"_blank\" rel=\"noopener\">Consolidado das Concilia\u00e7\u00f5es Banc\u00e1rias Estadual - Ago\/2019<\/a><\/li>\r\n \t<li><a href=\"http:\/\/www.aadas.org\/uploads\/1\/2\/7\/2\/127255626\/consolidado-das-conciliacoes-bancarias-estadual_09-2019.pdf\" target=\"_blank\" rel=\"noopener\">Consolidado das Concilia\u00e7\u00f5es Banc\u00e1rias Estadual - Set\/2019<\/a><\/li>\r\n \t<li><a href=\"http:\/\/www.aadas.org\/uploads\/1\/2\/7\/2\/127255626\/aadas_consolidado_das_conciliacoes_bancarias_estadual_out2019.pdf\" target=\"_blank\" rel=\"noopener\">Consolidado das Concilia\u00e7\u00f5es Banc\u00e1rias Estadual - Out\/2019<\/a><\/li>\r\n \t<li><a href=\"http:\/\/www.aadas.org\/uploads\/1\/2\/7\/2\/127255626\/aadas_consolidado_das_conciliacoes_bancarias_estadual_nov2019.pdf\" target=\"_blank\" rel=\"noopener\">Consolidado das Concilia\u00e7\u00f5es Banc\u00e1rias Estadual - Nov\/2019<\/a><\/li>\r\n<\/ul>\r\n<\/div><\/td>\r\n<\/tr>\r\n<\/tbody>\r\n<\/table>\r\n<\/div>\r\n<\/div>\r\n<\/div>\r\n<div>\r\n<div><\/div>\r\n\r\n<hr class=\"styled-hr\" \/>\r\n\r\n<div><\/div>\r\n<\/div>\r\n<h2 class=\"wsite-content-title\"><strong><span style=\"font-size: xx-large;\">Projeto Surdo SIM - Mudo N\u00c3O<\/span><\/strong><\/h2>\r\n<div>\r\n<div class=\"wsite-multicol\">\r\n<div class=\"wsite-multicol-table-wrap\">\r\n<table class=\"wsite-multicol-table\">\r\n<tbody class=\"wsite-multicol-tbody\">\r\n<tr class=\"wsite-multicol-tr\">\r\n<td class=\"wsite-multicol-col\">\r\n<div class=\"paragraph\">\r\n<ul>\r\n \t<li><a href=\"http:\/\/www.aadas.org\/uploads\/6\/1\/3\/0\/61301709\/aada_projeto-surdo-sim-mudo-nao_conciliacao-bancaria_marco-2018.pdf\" target=\"_blank\" rel=\"noopener\">\u200b\u200b\u200bConcilia\u00e7\u00e3o Banc\u00e1ria - Mar\u00e7o 2018<\/a><\/li>\r\n \t<li><a href=\"http:\/\/www.aadas.org\/uploads\/6\/1\/3\/0\/61301709\/aada_projeto-surdo-sim-mudo-nao_conciliacao-bancaria_abril-2018.pdf\" target=\"_blank\" rel=\"noopener\">Concilia\u00e7\u00e3o Banc\u00e1ria - Abril\u00a02018<\/a><\/li>\r\n \t<li><a href=\"http:\/\/www.aadas.org\/uploads\/6\/1\/3\/0\/61301709\/aada_projeto-surdo-sim-mudo-nao_conciliacao-bancaria_maio-2018.pdf\" target=\"_blank\" rel=\"noopener\">Concilia\u00e7\u00e3o Banc\u00e1ria - Maio 2018<\/a><\/li>\r\n \t<li><a href=\"http:\/\/www.aadas.org\/uploads\/6\/1\/3\/0\/61301709\/aada_projeto-surdo-sim-mudo-nao_conciliacao-bancaria_junho-2018.pdf\" target=\"_blank\" rel=\"noopener\">Concilia\u00e7\u00e3o Banc\u00e1ria - Junho 2018<\/a><\/li>\r\n \t<li><a href=\"http:\/\/www.aadas.org\/uploads\/6\/1\/3\/0\/61301709\/aada_projeto-surdo-sim-mudo-nao_conciliacao-bancaria_julho-2018.pdf\" target=\"_blank\" rel=\"noopener\">Concilia\u00e7\u00e3o Banc\u00e1ria - Julho\u00a02018<\/a><\/li>\r\n \t<li><a href=\"http:\/\/www.aadas.org\/uploads\/6\/1\/3\/0\/61301709\/aada_projeto-surdo-sim-mudo-nao_conciliacao-bancaria_agosto-2018.pdf\" target=\"_blank\" rel=\"noopener\">\u200bConcilia\u00e7\u00e3o Banc\u00e1ria - Agosto 2018<\/a><\/li>\r\n \t<li><a href=\"http:\/\/www.aadas.org\/uploads\/6\/1\/3\/0\/61301709\/aada_projeto-surdo-sim-mudo-nao_conciliacao-bancaria_setembro-2018.pdf\" target=\"_blank\" rel=\"noopener\">\u200bConcilia\u00e7\u00e3o Banc\u00e1ria\u00a0- Setembro 2018<\/a><\/li>\r\n \t<li><a href=\"http:\/\/www.aadas.org\/uploads\/6\/1\/3\/0\/61301709\/aada_projeto-surdo-sim-mudo-nao_conciliacao-bancaria_outubro-2018.pdf\" target=\"_blank\" rel=\"noopener\">\u200bConcilia\u00e7\u00e3o Banc\u00e1ria\u00a0- Outubro 2018<\/a><\/li>\r\n \t<li><a href=\"http:\/\/www.aadas.org\/uploads\/6\/1\/3\/0\/61301709\/aada_projeto-surdo-sim-mudo-nao_conciliacao-bancaria_novembro-2018.pdf\" target=\"_blank\" rel=\"noopener\">Concilia\u00e7\u00e3o Banc\u00e1ria\u00a0- Novembro 2018<\/a><\/li>\r\n \t<li><a href=\"http:\/\/www.aadas.org\/uploads\/6\/1\/3\/0\/61301709\/aada_projeto-surdo-sim-mudo-nao_conciliacao-bancaria_dezembro-2018.pdf\" target=\"_blank\" rel=\"noopener\">Concilia\u00e7\u00e3o Banc\u00e1ria - Dezembro 2018<\/a><\/li>\r\n \t<li><a href=\"http:\/\/www.aadas.org\/uploads\/6\/1\/3\/0\/61301709\/aada_projeto-surdo-sim-mudo-nao_conciliacao-bancaria_janeiro-2019.pdf\" target=\"_blank\" rel=\"noopener\">Concilia\u00e7\u00e3o Banc\u00e1ria - Janeiro 2019<\/a><\/li>\r\n \t<li><a href=\"http:\/\/www.aadas.org\/uploads\/6\/1\/3\/0\/61301709\/aada_projeto-surdo-sim-mudo-nao_conciliacao-bancaria_fevereiro-2019.pdf\" target=\"_blank\" rel=\"noopener\">Concilia\u00e7\u00e3o Banc\u00e1ria - Fevereiro 2019<\/a><\/li>\r\n \t<li><a href=\"http:\/\/www.aadas.org\/uploads\/6\/1\/3\/0\/61301709\/aada_projeto-surdo-sim-mudo-nao_relatorio-de-execucao_marco-2018.pdf\" target=\"_blank\" rel=\"noopener\">\u200b\u200b\u200bRelat\u00f3rio de Execu\u00e7\u00e3o - Mar\u00e7o\u00a02018<\/a><\/li>\r\n \t<li><a href=\"http:\/\/www.aadas.org\/uploads\/6\/1\/3\/0\/61301709\/aada_projeto-surdo-sim-mudo-nao_relatorio-de-execucao_abril-2018.pdf\" target=\"_blank\" rel=\"noopener\">\u200bRelat\u00f3rio de Execu\u00e7\u00e3o - Abril 2018<\/a><\/li>\r\n \t<li><a href=\"http:\/\/www.aadas.org\/uploads\/6\/1\/3\/0\/61301709\/aada_projeto-surdo-sim-mudo-nao_relatorio-de-execucao_maio-2018.pdf\" target=\"_blank\" rel=\"noopener\">Relat\u00f3rio de Execu\u00e7\u00e3o - Maio 2018<\/a><\/li>\r\n \t<li><a href=\"http:\/\/www.aadas.org\/uploads\/6\/1\/3\/0\/61301709\/aada_projeto-surdo-sim-mudo-nao_relatorio-de-execucao_junho-2018.pdf\" target=\"_blank\" rel=\"noopener\">\u200bRelat\u00f3rio de Execu\u00e7\u00e3o - Junho 2018<\/a><\/li>\r\n \t<li><a href=\"http:\/\/www.aadas.org\/uploads\/6\/1\/3\/0\/61301709\/aada_projeto-surdo-sim-mudo-nao_relatorio-de-execucao_julho-2018.pdf\" target=\"_blank\" rel=\"noopener\">Relat\u00f3rio de Execu\u00e7\u00e3o - Julho 2018\u200b\u200b\u200b\u200b\u200b<\/a><\/li>\r\n \t<li><a href=\"http:\/\/www.aadas.org\/uploads\/6\/1\/3\/0\/61301709\/aada_projeto-surdo-sim-mudo-nao_relatorio-de-execucao_agosto-2018.pdf\" target=\"_blank\" rel=\"noopener\">Relat\u00f3rio de Execu\u00e7\u00e3o\u00a0- Agosto 2018<\/a><\/li>\r\n \t<li><a href=\"http:\/\/www.aadas.org\/uploads\/6\/1\/3\/0\/61301709\/aada_projeto-surdo-sim-mudo-nao_relatorio-de-execucao_setembro-2018.pdf\" target=\"_blank\" rel=\"noopener\">Relat\u00f3rio de Execu\u00e7\u00e3o\u00a0- Setembro 2018<\/a><\/li>\r\n \t<li><a href=\"http:\/\/www.aadas.org\/uploads\/6\/1\/3\/0\/61301709\/aada_projeto-surdo-sim-mudo-nao_relatorio-de-execucao_outubro-2018.pdf\" target=\"_blank\" rel=\"noopener\">Relat\u00f3rio de Execu\u00e7\u00e3o\u00a0- Outubro 2018<\/a><\/li>\r\n \t<li><a href=\"http:\/\/www.aadas.org\/uploads\/6\/1\/3\/0\/61301709\/aada_projeto-surdo-sim-mudo-nao_relatorio-de-execucao_novembro-2018.pdf\" target=\"_blank\" rel=\"noopener\">Relat\u00f3rio de Execu\u00e7\u00e3o - Novembro 2018\u200b\u200b\u200b\u200b\u200b\u200b\u200b\u200b<\/a><\/li>\r\n \t<li><a href=\"http:\/\/www.aadas.org\/uploads\/6\/1\/3\/0\/61301709\/aada_projeto-surdo-sim-mudo-nao_relatorio-de-execucao_dezembro-2018.pdf\" target=\"_blank\" rel=\"noopener\">Relat\u00f3rio de Execu\u00e7\u00e3o - Dezembro 2018\u200b<\/a><\/li>\r\n<\/ul>\r\n<\/div><\/td>\r\n<td class=\"wsite-multicol-col\">\r\n<div class=\"paragraph\">\r\n<ul>\r\n \t<li><a href=\"http:\/\/www.aadas.org\/uploads\/6\/1\/3\/0\/61301709\/aada_projeto-surdo-sim-mudo-nao_relatorio-de-execucao_janeiro-2019.pdf\" target=\"_blank\" rel=\"noopener\">Relat\u00f3rio de Execu\u00e7\u00e3o\u00a0- Janeiro 2019<\/a><\/li>\r\n \t<li><a href=\"http:\/\/www.aadas.org\/uploads\/6\/1\/3\/0\/61301709\/aada_projeto-surdo-sim-mudo-nao_relatorio-de-execucao_fevereiro-2019.pdf\" target=\"_blank\" rel=\"noopener\">Relat\u00f3rio de Execu\u00e7\u00e3o\u00a0- Fevereiro\u00a02019<\/a><\/li>\r\n \t<li><a href=\"http:\/\/www.aadas.org\/uploads\/6\/1\/3\/0\/61301709\/aada_projeto-surdo-sim-mudo-nao_lista-de-prestadores-de-servicos_cargos-e-salarios.pdf\" target=\"_blank\" rel=\"noopener\">Lista de Prestadores de Servi\u00e7os (cargos e sal\u00e1rios)\u200b<\/a><\/li>\r\n \t<li><a href=\"http:\/\/www.aadas.org\/uploads\/6\/1\/3\/0\/61301709\/aada_projeto-surdo-sim-mudo-nao_plano-de-trabalho_marco-2018.pdf\" target=\"_blank\" rel=\"noopener\">\u200b\u200b\u200bPlano de Trabalho - Mar\u00e7o 2018<\/a><\/li>\r\n \t<li><a href=\"http:\/\/www.aadas.org\/uploads\/6\/1\/3\/0\/61301709\/aada_projeto-surdo-sim-mudo-nao_demostrativo-de-aplicacao-de-recurso_marco-2018.pdf\" target=\"_blank\" rel=\"noopener\">Demostrativo de Aplica\u00e7\u00e3o de Recurso - Mar\u00e7o 2018<\/a><\/li>\r\n \t<li><a href=\"http:\/\/www.aadas.org\/uploads\/6\/1\/3\/0\/61301709\/aada_projeto-surdo-sim-mudo-nao_demostrativo-de-aplicacao-de-recurso_abril-2018.pdf\" target=\"_blank\" rel=\"noopener\">\u200b\u200b\u200bDemostrativo de Aplica\u00e7\u00e3o de Recurso - Abril 2018<\/a><\/li>\r\n \t<li><a href=\"http:\/\/www.aadas.org\/uploads\/6\/1\/3\/0\/61301709\/aada_projeto-surdo-sim-mudo-nao_demostrativo-de-aplicacao-de-recurso_maio-2018.pdf\" target=\"_blank\" rel=\"noopener\">Demostrativo de Aplica\u00e7\u00e3o de Recurso - Maio 2018<\/a><\/li>\r\n \t<li><a href=\"http:\/\/www.aadas.org\/uploads\/6\/1\/3\/0\/61301709\/aada_projeto-surdo-sim-mudo-nao_demostrativo-de-aplicacao-de-recurso_junho-2018.pdf\" target=\"_blank\" rel=\"noopener\">\u200bDemostrativo de Aplica\u00e7\u00e3o de Recurso - Junho 2018<\/a><\/li>\r\n \t<li><a href=\"http:\/\/www.aadas.org\/uploads\/6\/1\/3\/0\/61301709\/aada_projeto-surdo-sim-mudo-nao_demostrativo-de-aplicacao-de-recurso_julho-2018.pdf\" target=\"_blank\" rel=\"noopener\">Demostrativo de Aplica\u00e7\u00e3o de Recurso - Julho 2018<\/a><\/li>\r\n \t<li><a href=\"http:\/\/www.aadas.org\/uploads\/6\/1\/3\/0\/61301709\/aada_projeto-surdo-sim-mudo-nao_demostrativo-de-aplicacao-de-recurso_setembro-2018.pdf\" target=\"_blank\" rel=\"noopener\">Demostrativo de Aplica\u00e7\u00e3o de Recurso - Setembro 2018<\/a><\/li>\r\n \t<li><a href=\"http:\/\/www.aadas.org\/uploads\/6\/1\/3\/0\/61301709\/aada_projeto-surdo-sim-mudo-nao_demostrativo-de-aplicacao-de-recurso_outubro-2018.pdf\" target=\"_blank\" rel=\"noopener\">Demostrativo de Aplica\u00e7\u00e3o de Recurso - Outubro 2018<\/a><\/li>\r\n \t<li><a href=\"http:\/\/www.aadas.org\/uploads\/6\/1\/3\/0\/61301709\/aada_projeto-surdo-sim-mudo-nao_demostrativo-de-aplicacao-de-recurso_novembro-2018.pdf\" target=\"_blank\" rel=\"noopener\">\u200bDemostrativo de Aplica\u00e7\u00e3o de Recurso - Novembro 2018<\/a><\/li>\r\n \t<li><a href=\"http:\/\/www.aadas.org\/uploads\/6\/1\/3\/0\/61301709\/aada_projeto-surdo-sim-mudo-nao_demostrativo-de-aplicacao-de-recurso_dezembro-2018.pdf\" target=\"_blank\" rel=\"noopener\">\u200bDemostrativo de Aplica\u00e7\u00e3o de Recurso - Dezembro 2018<\/a><\/li>\r\n \t<li><a href=\"http:\/\/www.aadas.org\/uploads\/6\/1\/3\/0\/61301709\/aada_projeto-surdo-sim_demostrativo-de-aplicacao-de-recurso_janeiro-2019.pdf\" target=\"_blank\" rel=\"noopener\">Demostrativo de Aplica\u00e7\u00e3o de Recurso - Janeiro 2019<\/a>\u200b<\/li>\r\n \t<li><a href=\"http:\/\/www.aadas.org\/uploads\/6\/1\/3\/0\/61301709\/aada_projeto-surdo-sim-mudo-nao_demostrativo-de-aplicacao-de-recurso_fevereiro-2019.pdf\" target=\"_blank\" rel=\"noopener\">Demostrativo de Aplica\u00e7\u00e3o de Recurso - Fevereiro 2019\u200b\u200b<\/a><\/li>\r\n<\/ul>\r\n<\/div><\/td>\r\n<\/tr>\r\n<\/tbody>\r\n<\/table>\r\n<\/div>\r\n<\/div>\r\n<\/div>","_et_gb_content_width":"","_joinchat":[],"footnotes":""},"class_list":["post-582","page","type-page","status-publish","hentry"],"jetpack_sharing_enabled":true,"_links":{"self":[{"href":"https:\/\/aadas.org\/index.php?rest_route=\/wp\/v2\/pages\/582","targetHints":{"allow":["GET"]}}],"collection":[{"href":"https:\/\/aadas.org\/index.php?rest_route=\/wp\/v2\/pages"}],"about":[{"href":"https:\/\/aadas.org\/index.php?rest_route=\/wp\/v2\/types\/page"}],"author":[{"embeddable":true,"href":"https:\/\/aadas.org\/index.php?rest_route=\/wp\/v2\/users\/2"}],"replies":[{"embeddable":true,"href":"https:\/\/aadas.org\/index.php?rest_route=%2Fwp%2Fv2%2Fcomments&post=582"}],"version-history":[{"count":45,"href":"https:\/\/aadas.org\/index.php?rest_route=\/wp\/v2\/pages\/582\/revisions"}],"predecessor-version":[{"id":871,"href":"https:\/\/aadas.org\/index.php?rest_route=\/wp\/v2\/pages\/582\/revisions\/871"}],"wp:attachment":[{"href":"https:\/\/aadas.org\/index.php?rest_route=%2Fwp%2Fv2%2Fmedia&parent=582"}],"curies":[{"name":"wp","href":"https:\/\/api.w.org\/{rel}","templated":true}]}}